{"id":26269,"date":"2023-12-29T19:47:09","date_gmt":"2023-12-29T19:47:09","guid":{"rendered":"https:\/\/www.rbcroyalbank.com\/fr-ca\/?post_type=rbc_my_money_matter&#038;p=26269"},"modified":"2024-07-22T18:57:08","modified_gmt":"2024-07-22T18:57:08","slug":"la-recession-et-ses-obstacles-les-consequences-professionnelles-a-long-terme-de-lobtention-dun-diplome-en-periode-de-repli","status":"publish","type":"rbc_my_money_matter","link":"https:\/\/www.rbcroyalbank.com\/fr-ca\/mes-finances-dabord\/objectifs-et-aspirations\/etudes-et-carriere\/etudes-collegiales-ou-universitaires\/la-recession-et-ses-obstacles-les-consequences-professionnelles-a-long-terme-de-lobtention-dun-diplome-en-periode-de-repli\/","title":{"rendered":"La r\u00e9cession et ses obstacles : Les cons\u00e9quences professionnelles \u00e0 long terme de l&rsquo;obtention d&rsquo;un dipl\u00f4me en p\u00e9riode de repli"},"content":{"rendered":"<div class=\"wp-block-rbc-single-article-header\">\n\t<section class=\"section-grey cover pad-t-hlf\">\n\t\t<div class=\"section-inner w-half w-mob-full centered-margin cover section-grey pad-tb-0\">\n\t\t\t\t\t\t\t<div class=\"inline-block pill-container pill-taxonomies\">\n\t\t\t\t\t<div class=\"mar-b-hlf mob-mar-b snipe pill is-style-blue-pill\">\n\t\t\t\t\t\t<a class=\"primary-taxonomy\" href=\"https:\/\/www.rbcroyalbank.com\/fr-ca\/mes-finances-dabord\/sujets\/idees-et-perspectives\/\">\n\t\t\t\t\t\t\t<span>Id\u00e9es et perspectives<\/span>\n\t\t\t\t\t\t<\/a>\n\t\t\t\t\t<\/div>\n\t\t\t\t<\/div>\n\t\t\t<h1 class=\"mar-b-hlf mar-t-0 mob-pad-lr-hlf h2 has-black-color\">La r\u00e9cession et ses obstacles : Les cons\u00e9quences professionnelles \u00e0 long terme de l&rsquo;obtention d&rsquo;un dipl\u00f4me en p\u00e9riode de repli<\/h1><p class=\"mar-b-0 mob-pad-lr-hlf author-text\">By Andrew Agopsowicz<\/p>\t\t\t\t\t<div class=\"featured-image-wrapper pos-rel\">\n\t\t\t\t\t\t<img loading=\"lazy\" decoding=\"async\" width=\"882\" height=\"583\" src=\"https:\/\/www.rbcroyalbank.com\/fr-ca\/wp-content\/uploads\/sites\/13\/2023\/12\/Capture.jpg?quality=80\" class=\" cover-image  wp-post-image\" alt=\"Image d&#039;un signe de dollar et d&#039;\u00e9tudiants recevant leur dipl\u00f4me\" srcset=\"https:\/\/www.rbcroyalbank.com\/fr-ca\/wp-content\/uploads\/sites\/13\/2023\/12\/Capture.jpg 882w, https:\/\/www.rbcroyalbank.com\/fr-ca\/wp-content\/uploads\/sites\/13\/2023\/12\/Capture.jpg?resize=300,198 300w, https:\/\/www.rbcroyalbank.com\/fr-ca\/wp-content\/uploads\/sites\/13\/2023\/12\/Capture.jpg?resize=768,508 768w\" sizes=\"auto, (max-width: 882px) 100vw, 882px\" \/>\t\t\t\t\t<\/div>\n\t\t\t\t\t\t<\/div>\n\t<\/section>\n\t<div class=\"article mar-t-dbl\">\n\t\t\t\t<section>\n\t\t\t<div class=\"section-inner socials-section\">\n\t\t\t\t<div class=\"top-socials-bar mob-mar-b-hlf\">    <div class=\"social-links mob-mar-b-hlf mob-mar-t-hlf\">\n            <a class=\"social-button-wrapper sharing-custom sharing-email\" href=\"mailto:?subject=La r\u00e9cession et ses obstacles : Les cons\u00e9quences professionnelles \u00e0 long terme de l&rsquo;obtention d&rsquo;un dipl\u00f4me en p\u00e9riode de repli &#038;body=Bonjour, je pensais que cet article de RBC Mes finances d\u2019abord pourrait vous int\u00e9resser: https:\/\/www.rbcroyalbank.com\/fr-ca\/mes-finances-dabord\/objectifs-et-aspirations\/etudes-et-carriere\/etudes-collegiales-ou-universitaires\/la-recession-et-ses-obstacles-les-consequences-professionnelles-a-long-terme-de-lobtention-dun-diplome-en-periode-de-repli\/\">\n        <img decoding=\"async\" src=\"https:\/\/www.rbcroyalbank.com\/fr-ca\/wp-content\/plugins\/rbc-blocks\/assets\/img\/icons\/icon-email.svg\"\n          alt=\"envelope icon\">\n        <span>\n          Courriel        <\/span>\n      <\/a>\n      <div class=\"social-button-wrapper sharing-copy-wrapper\">\n        <button class=\"sharing-custom sharing-copy\" data-url=\"https:\/\/www.rbcroyalbank.com\/fr-ca\/mes-finances-dabord\/objectifs-et-aspirations\/etudes-et-carriere\/etudes-collegiales-ou-universitaires\/la-recession-et-ses-obstacles-les-consequences-professionnelles-a-long-terme-de-lobtention-dun-diplome-en-periode-de-repli\/\">\n          <img decoding=\"async\"\n            src=\"https:\/\/www.rbcroyalbank.com\/fr-ca\/wp-content\/plugins\/rbc-blocks\/assets\/img\/icons\/icon-related.svg\"\n            alt=\"copy icon\">\n          <span id=\"sharing-copyUrl-Label\">\n            Copier l\u2019URL          <\/span>\n        <\/button>\n        <input type=\"text\" class=\"sharing-copy-text\" aria-labelledby=\"sharing-copyUrl-Label\">\n      <\/div>\n    <\/div>\n  <\/div>\n\t\t\t<\/div>\n\t\t<\/section>\n\t\t\t\t<section>\n\t\t\t<div class=\"section-inner w-half w-mob-full centered-margin pad-tb-0 mob-mar-t-hlf mob-mar-b\">\n\t\t\t\t<p class=\"cover-pub-line text-xs mar-b-hlf\">Published 29 d\u00e9cembre 2023 \u2022 8 min de lecture<\/p>\t\t\t<\/div>\n\t\t<\/section>\n\t<\/div>\n<\/div>\n\n\n\n<section class=\"wp-block-rbc-section-block  pos-rel\" style=\"border-radius:0px\">\n<div class=\"wp-block-rbc-section-inner-block  section-inner w-half w-mob-full\" style=\"border-radius:0x\">\n<p>Ce qui est moins connu, c&rsquo;est que les effets de l&rsquo;obtention de son dipl\u00f4me en p\u00e9riode de r\u00e9cession se font sentir longtemps apr\u00e8s la reprise. Les cons\u00e9quences n\u00e9gatives pour ceux qui ont eu le malheur de commencer leur carri\u00e8re dans un contexte de d\u00e9t\u00e9rioration de la conjoncture \u00e9conomique peuvent \u00eatre \u00e0 long terme. Elles prennent notamment la forme d&rsquo;une progression salariale plus lente et d&rsquo;un avancement professionnel retard\u00e9 par rapport aux cohortes qui ont obtenu leur dipl\u00f4me lors d&rsquo;une p\u00e9riode \u00e9conomique plus favorable. Compte tenu du fait qu&rsquo;il y a plus d&rsquo;un million d&rsquo;\u00e9tudiants inscrits dans les universit\u00e9s canadiennes et que les \u00e9conomistes pensent que les probabilit\u00e9s qu&rsquo;une r\u00e9cession ait cours d&rsquo;ici les 12 prochains mois s&rsquo;\u00e9l\u00e8vent \u00e0 30 %, il vaut la peine d&rsquo;examiner l&rsquo;exp\u00e9rience de ceux qui sont entr\u00e9s sur le march\u00e9 du travail entre 2009 et 2011.<\/p>\n\n\n\n<h2 class=\"wp-block-heading\">Faits saillants d&rsquo;une \u00e9tude sur les dipl\u00f4m\u00e9s de la Grande R\u00e9cession<\/h2>\n\n\n\n<ul class=\"wp-block-rbc-list default is-style-blue-disc\">\n<li class=\"wp-block-rbc-list-item\">\n<p>Leur salaire a augment\u00e9 plus lentement au cours de la premi\u00e8re d\u00e9cennie d&#8217;emploi que celui de leurs pairs qui ont commenc\u00e9 \u00e0 travailler avant la r\u00e9cession.<\/p>\n<\/li>\n\n\n\n<li class=\"wp-block-rbc-list-item\">\n<p>\u00c0 l&rsquo;\u00e2ge de 30 \u00e0 34 ans, ils sont moins susceptibles d&rsquo;occuper un poste de gestion que les membres de cette m\u00eame cohorte d&rsquo;\u00e2ges qui ont commenc\u00e9 \u00e0 travailler avant la r\u00e9cession.<\/p>\n<\/li>\n\n\n\n<li class=\"wp-block-rbc-list-item\">\n<p>\u00c0 l&rsquo;\u00e2ge de 30 \u00e0 34 ans, ils sont moins susceptibles d&rsquo;occuper un poste qualifi\u00e9 que la m\u00eame cohorte pr\u00e9r\u00e9cession.<\/p>\n<\/li>\n<\/ul>\n\n\n\n<h3 class=\"wp-block-heading\">Le\u00e7ons tir\u00e9es de la derni\u00e8re r\u00e9cession<\/h3>\n\n\n\n<p>Au quatri\u00e8me trimestre de 2008, le Canada a connu son pire ralentissement depuis les ann\u00e9es 1980. Il aura fallu attendre un an avant que l&rsquo;\u00e9conomie reprenne sa croissance. Bien que le Canada ait mieux fait que d&rsquo;autres pays, les r\u00e9percussions de la Grande R\u00e9cession ont \u00e9t\u00e9 consid\u00e9rables. Parmi les personnes les plus touch\u00e9es : les Canadiens qui venaient d&rsquo;entrer sur le march\u00e9 du travail.<\/p>\n\n\n\n<p>Les donn\u00e9es indiquent que la sant\u00e9 de l&rsquo;\u00e9conomie au d\u00e9but de la vie professionnelle d&rsquo;une personne peut acc\u00e9l\u00e9rer ou retarder l&rsquo;int\u00e9gralit\u00e9 de la carri\u00e8re de cette derni\u00e8re. Les p\u00e9riodes de ch\u00f4mage ou de sous-emploi peuvent contribuer \u00e0 la d\u00e9t\u00e9rioration des comp\u00e9tences acquises \u00e0 l&rsquo;\u00e9cole, entraver l&rsquo;acquisition de nouvelles comp\u00e9tences importantes et retarder les occasions d&rsquo;occuper des postes de sp\u00e9cialit\u00e9 ou de gestion. Il peut falloir des ann\u00e9es pour rattraper le retard.<\/p>\n\n\n\n<p>Comme lors des r\u00e9cessions pr\u00e9c\u00e9dentes, les jeunes Canadiens ont \u00e9t\u00e9 les plus durement touch\u00e9s par la Grande R\u00e9cession. Le taux de ch\u00f4mage des jeunes de 20-24 ans est pass\u00e9 d&rsquo;environ 9 % en 2008 \u00e0 plus de 12 % en 2009, ajoutant 55 000 personnes au nombre des ch\u00f4meurs. Pour les jeunes hommes, le taux de ch\u00f4mage a atteint un sommet de 15 %. Plusieurs ont choisi de faire face \u00e0 la temp\u00eate en retournant \u00e0 l&rsquo;\u00e9cole : les taux d&rsquo;inscription aux programmes d&rsquo;\u00e9tudes postsecondaires \u00e0 temps partiel et \u00e0 temps plein sont pass\u00e9s de 39 % en 2008 (un creux r\u00e9cent \u00e0 l&rsquo;\u00e9poque) \u00e0 43 % en 2012.<\/p>\n\n\n\n<figure class=\"wp-block-image aligncenter size-full\"><img loading=\"lazy\" decoding=\"async\" width=\"720\" height=\"432\" src=\"https:\/\/www.rbcroyalbank.com\/fr-ca\/wp-content\/uploads\/sites\/13\/2023\/12\/image5.jpg\" alt=\"A graph of unemployment rates of bachelor degree graduates by age\" class=\"wp-image-26273\" srcset=\"https:\/\/www.rbcroyalbank.com\/fr-ca\/wp-content\/uploads\/sites\/13\/2023\/12\/image5.jpg 720w, https:\/\/www.rbcroyalbank.com\/fr-ca\/wp-content\/uploads\/sites\/13\/2023\/12\/image5.jpg?resize=300,180 300w\" sizes=\"auto, (max-width: 720px) 100vw, 720px\" \/><\/figure>\n\n\n\n<p>M\u00eame une fois qu&rsquo;ils ont int\u00e9gr\u00e9 le march\u00e9 du travail, les taux de ch\u00f4mage de ce groupe sont rest\u00e9s \u00e9lev\u00e9s longtemps apr\u00e8s l&rsquo;am\u00e9lioration de la situation pour les travailleurs plus \u00e2g\u00e9s. Et les hommes ont \u00e9t\u00e9 affect\u00e9s de mani\u00e8re disproportionn\u00e9e. Les jeunes femmes titulaires d&rsquo;un baccalaur\u00e9at ont \u00e9t\u00e9 plus chanceuses, probablement parce qu&rsquo;elles \u00e9taient plus susceptibles d&rsquo;occuper des emplois dans les secteurs des soins de sant\u00e9 et des services d&rsquo;\u00e9ducation qui ont en grande partie \u00e9vit\u00e9 une variation n\u00e9gative de l&#8217;emploi.<\/p>\n\n\n\n<h3 class=\"wp-block-heading\">Influence des r\u00e9cessions sur les emplois obtenus<\/h3>\n\n\n\n<p>Amorcer votre carri\u00e8re lorsqu&rsquo;il y a un exc\u00e9dent de main-d&rsquo;\u0153uvre peut avoir un effet sur le type de travail que vous faites. Apr\u00e8s la Grande R\u00e9cession, un plus grand nombre de jeunes Canadiens ayant re\u00e7u une formation universitaire ont trouv\u00e9 un emploi qui ne correspondait pas \u00e0 leur niveau d&rsquo;\u00e9tudes, surtout par rapport \u00e0 ceux qui ont commenc\u00e9 \u00e0 travailler dans la premi\u00e8re partie des ann\u00e9es 2000. Ils \u00e9taient plus susceptibles d&rsquo;occuper un emploi \u00e0 temps partiel, et ce n&rsquo;\u00e9tait pas par choix. Ils \u00e9taient moins susceptibles de travailler dans des postes de sp\u00e9cialit\u00e9 ou de gestion et plus susceptibles d&rsquo;occuper des emplois non qualifi\u00e9s.<\/p>\n\n\n\n<p>Un emploi pr\u00e9caire et les difficult\u00e9s \u00e0 trouver du travail dans votre domaine sont co\u00fbteux, au chapitre du salaire perdu. L&rsquo;effet peut \u00eatre de longue dur\u00e9e. La croissance du salaire est g\u00e9n\u00e9ralement plus rapide en d\u00e9but de carri\u00e8re, car c&rsquo;est \u00e0 ce moment-l\u00e0 que l&rsquo;on commence \u00e0 acqu\u00e9rir des talents n\u00e9gociables. Selon des \u00e9tudes, environ la moiti\u00e9 de l&rsquo;augmentation totale des gains r\u00e9alis\u00e9e au cours d&rsquo;une carri\u00e8re a lieu lors de la premi\u00e8re d\u00e9cennie. Pour obtenir de futures promotions ou changer d&#8217;employeur, il est essentiel d&rsquo;afficher des comp\u00e9tences \u00e9prouv\u00e9es. Le fait de travailler en continu constitue \u00e9galement un facteur important. Comme la Banque du Canada l&rsquo;a soulign\u00e9, une part importante des gains salariaux r\u00e9alis\u00e9s au cours d&rsquo;une vie provient des changements d&#8217;emploi effectu\u00e9s pendant la p\u00e9riode embauch\u00e9e, de sorte que les p\u00e9riodes de ch\u00f4mage \u00e9liminent une importante monnaie de n\u00e9gociation quand vient le temps de n\u00e9gocier un salaire plus \u00e9lev\u00e9.<\/p>\n\n\n\n<p>Le ch\u00f4mage persistant ou le sous-emploi peut contribuer au d\u00e9p\u00e9rissement des comp\u00e9tences sp\u00e9cialis\u00e9es acquises \u00e0 l&rsquo;universit\u00e9, ce qui augmente les pertes salariales potentielles. Cela peut aussi retarder l&rsquo;acquisition et le perfectionnement d&rsquo;aptitudes non techniques transf\u00e9rables, un aspect sur lequel nous nous sommes pench\u00e9s, aux Services \u00e9conomiques RBC, en raison de l&rsquo;importance consid\u00e9rable que ces comp\u00e9tences auront, selon nous, pour la main-d&rsquo;\u0153uvre de demain.<\/p>\n\n\n\n<h3 class=\"wp-block-heading\">D\u00e9monstration des r\u00e9percussions par l&rsquo;exp\u00e9rience de la g\u00e9n\u00e9ration mill\u00e9naire<\/h3>\n\n\n\n<p>Les co\u00fbts d&rsquo;obtenir son dipl\u00f4me en p\u00e9riode de r\u00e9cession commencent \u00e0 se manifester au sein de la cohorte actuelle des 30 \u00e0 34 ans, qui avaient de 19 \u00e0 23 ans lorsque la r\u00e9cession a frapp\u00e9. Ils sont moins de 10 % \u00e0 occuper un poste de direction. Entre 2000 et 2008, les travailleurs de cette cohorte d&rsquo;\u00e2ges occupaient 12 % des postes de direction. Alors que 37 % des 30 \u00e0 34 ans d&rsquo;aujourd&rsquo;hui exercent une profession sp\u00e9cialis\u00e9e, ils \u00e9taient 41 % \u00e0 le faire pendant la p\u00e9riode de 2000 \u00e0 2008. Ils sont plus susceptibles d&rsquo;occuper un emploi non qualifi\u00e9 que les cohortes pr\u00e9r\u00e9cession.<\/p>\n\n\n\n<figure class=\"wp-block-image aligncenter size-full\"><img loading=\"lazy\" decoding=\"async\" width=\"720\" height=\"432\" src=\"https:\/\/www.rbcroyalbank.com\/fr-ca\/wp-content\/uploads\/sites\/13\/2023\/12\/image3.jpg\" alt=\"A bar chart showing the amounts of graduates working in unskilled jobs\" class=\"wp-image-26272\" srcset=\"https:\/\/www.rbcroyalbank.com\/fr-ca\/wp-content\/uploads\/sites\/13\/2023\/12\/image3.jpg 720w, https:\/\/www.rbcroyalbank.com\/fr-ca\/wp-content\/uploads\/sites\/13\/2023\/12\/image3.jpg?resize=300,180 300w\" sizes=\"auto, (max-width: 720px) 100vw, 720px\" \/><\/figure>\n\n\n\n<p>Les revenus des dipl\u00f4m\u00e9s de la Grande R\u00e9cession sont \u00e9galement \u00e0 la tra\u00eene. Le salaire horaire moyen des personnes qui sont probablement entr\u00e9es sur le march\u00e9 du travail entre 2009 et 2011 a connu une croissance d&rsquo;environ 60 % au cours des 10 premi\u00e8res ann\u00e9es de leur vie active, comparativement \u00e0 une croissance de 71 % pour celles qui sont entr\u00e9es sur le march\u00e9 du travail entre 2006 et 2008. Nous commen\u00e7ons tout juste \u00e0 avoir un portrait clair de la situation de ceux qui sont entr\u00e9s sur le march\u00e9 du travail entre 2013 et 2015, mais leurs salaires semblent plus \u00e9lev\u00e9s. La croissance plus lente des salaires de la cohorte entr\u00e9e sur le march\u00e9 du travail pendant la r\u00e9cession pourrait refl\u00e9ter le fait qu&rsquo;il leur a fallu plus de temps que les autres cohortes pour d\u00e9crocher des postes de gestion et de sp\u00e9cialit\u00e9. Nous verrons au cours des cinq prochaines ann\u00e9es si ces retards persisteront.<\/p>\n\n\n\n<figure class=\"wp-block-image size-full\"><img loading=\"lazy\" decoding=\"async\" width=\"720\" height=\"432\" src=\"https:\/\/www.rbcroyalbank.com\/fr-ca\/wp-content\/uploads\/sites\/13\/2023\/12\/image4.jpg\" alt=\"A bar chart showing the slowing growth of wages during the recession\" class=\"wp-image-26271\" srcset=\"https:\/\/www.rbcroyalbank.com\/fr-ca\/wp-content\/uploads\/sites\/13\/2023\/12\/image4.jpg 720w, https:\/\/www.rbcroyalbank.com\/fr-ca\/wp-content\/uploads\/sites\/13\/2023\/12\/image4.jpg?resize=300,180 300w\" sizes=\"auto, (max-width: 720px) 100vw, 720px\" \/><\/figure>\n\n\n\n<p>Nos conclusions cadrent avec celles d&rsquo;autres \u00e9tudes universitaires sur le sujet. Une \u00e9tude r\u00e9cente men\u00e9e par Philip Oreopoulos, professeur \u00e0 l&rsquo;Universit\u00e9 de Toronto, a examin\u00e9 les revenus des Canadiens qui ont obtenu leur dipl\u00f4me au cours des ann\u00e9es1970, 1980 et 1990, en tenant compte du fait qu&rsquo;ils l&rsquo;ont obtenu pendant une r\u00e9cession ou non. Le pr\u00e9judice salarial total se situait en moyenne aux alentours de 5 % au cours des 10 premi\u00e8res ann\u00e9es d&rsquo;une carri\u00e8re, apr\u00e8s quoi le retard salarial a \u00e9t\u00e9 rattrap\u00e9.<\/p>\n\n\n\n<h3 class=\"wp-block-heading\">Importante r\u00e9action en cha\u00eene potentielle d&rsquo;un lent d\u00e9but de carri\u00e8re<\/h3>\n\n\n\n<p>Nous avons soulign\u00e9 certains des co\u00fbts li\u00e9s \u00e0 l&rsquo;obtention de son dipl\u00f4me en p\u00e9riode de repli, au chapitre de la perte de revenus \u00e0 court et \u00e0 long terme. Cette perte pourrait avoir de nombreuses r\u00e9percussions pour l&#8217;employ\u00e9 et l&rsquo;\u00e9conomie dans son ensemble. Elle pourrait notamment allonger le temps requis pour rembourser les dettes accumul\u00e9es pendant les \u00e9tudes ou \u00e9conomiser pour la mise de fonds vers\u00e9e pour une maison. Elle pourrait \u00e9galement se r\u00e9percuter sur la capacit\u00e9 de commencer \u00e0 investir t\u00f4t dans sa retraite. Tout ne repose pas sur le moment, mais celui-ci ne peut pas \u00eatre ignor\u00e9.<\/p>\n\n\n\n<div class=\"wp-block-rbc-rbc-default-collapsible\"><p><button class=\"collapse-toggle collapsed\" data-target=\"#collapse942faa40\" data-toggle=\"collapse\" aria-expanded=\"false\" aria-controls=\"collapse942faa40\" data-dig-id=\"LP-32776-942faa40\" data-dig-category=\"LP\" data-dig-action=\"accordion closed\" action-closed=\"accordion closed\" action-opened=\"accordion open\" data-dig-label=\"Un mot de nos avocats\"><span>Un mot de nos avocats<\/span><span>Un mot de nos avocats<\/span><\/button><\/p><div class=\"collapse-content collapse\" id=\"collapse942faa40\">\n<div class=\"wp-block-rbc-collapsible-inner-block collapse-inner\">\n<p>Le pr\u00e9sent article vise \u00e0 offrir des renseignements g\u00e9n\u00e9raux seulement et n\u2019a pas pour objet de fournir des conseils juridiques ou financiers, ni d\u2019autres conseils professionnels. Veuillez consulter un conseiller professionnel en ce qui concerne votre situation particuli\u00e8re. Les renseignements pr\u00e9sent\u00e9s sont r\u00e9put\u00e9s \u00eatre factuels et \u00e0 jour, mais nous ne garantissons pas leur exactitude et ils ne doivent pas \u00eatre consid\u00e9r\u00e9s comme une analyse exhaustive des sujets abord\u00e9s. Les opinions exprim\u00e9es refl\u00e8tent le jugement des auteurs \u00e0 la date de publication et peuvent changer. La Banque Royale du Canada et ses entit\u00e9s ne font pas la promotion, ni explicitement ni implicitement, des conseils, des avis, des renseignements, des produits ou des services de tiers.<\/p>\n<\/div>\n<\/div><\/div>\n\n\n\n<p class=\"has-text-align-center h5 mar-b\"><strong>Partager cet article<\/strong><\/p>\n\n\n\n\t\t<div class=\"socials-block\">\n\t\t\t    <div class=\"social-links mob-mar-b-hlf mob-mar-t-hlf\">\n            <a class=\"social-button-wrapper sharing-custom sharing-email\" href=\"mailto:?subject=La r\u00e9cession et ses obstacles : Les cons\u00e9quences professionnelles \u00e0 long terme de l&rsquo;obtention d&rsquo;un dipl\u00f4me en p\u00e9riode de repli &#038;body=Bonjour, je pensais que cet article de RBC Mes finances d\u2019abord pourrait vous int\u00e9resser: https:\/\/www.rbcroyalbank.com\/fr-ca\/mes-finances-dabord\/objectifs-et-aspirations\/etudes-et-carriere\/etudes-collegiales-ou-universitaires\/la-recession-et-ses-obstacles-les-consequences-professionnelles-a-long-terme-de-lobtention-dun-diplome-en-periode-de-repli\/\">\n        <img decoding=\"async\" src=\"https:\/\/www.rbcroyalbank.com\/fr-ca\/wp-content\/plugins\/rbc-blocks\/assets\/img\/icons\/icon-email.svg\"\n          alt=\"envelope icon\">\n        <span>\n          Courriel        <\/span>\n      <\/a>\n      <div class=\"social-button-wrapper sharing-copy-wrapper\">\n        <button class=\"sharing-custom sharing-copy\" data-url=\"https:\/\/www.rbcroyalbank.com\/fr-ca\/mes-finances-dabord\/objectifs-et-aspirations\/etudes-et-carriere\/etudes-collegiales-ou-universitaires\/la-recession-et-ses-obstacles-les-consequences-professionnelles-a-long-terme-de-lobtention-dun-diplome-en-periode-de-repli\/\">\n          <img decoding=\"async\"\n            src=\"https:\/\/www.rbcroyalbank.com\/fr-ca\/wp-content\/plugins\/rbc-blocks\/assets\/img\/icons\/icon-related.svg\"\n            alt=\"copy icon\">\n          <span id=\"sharing-copyUrl-Label\">\n            Copier l\u2019URL          <\/span>\n        <\/button>\n        <input type=\"text\" class=\"sharing-copy-text\" aria-labelledby=\"sharing-copyUrl-Label\">\n      <\/div>\n    <\/div>\n  \t\t<\/div>\n\n\t\t\n\n\t\n\t<div class=\"wp-block-tk-spacer id-87c752a4-4b25-4157-8e51-a77b98c7c29a\" aria-hidden=\"true\"><\/div>\n\t\n\n\n\t\t\t<div class=\"wp-block-rbc-single-post-topics related-topics-links\">\n\t\t\t\t<p class=\"h5 mar-r-hlf\">Topics:<\/p>\n\t\t\t\t\t\t\t\t\t<a href=\"https:\/\/www.rbcroyalbank.com\/fr-ca\/mes-finances-dabord\/sujets\/idees-et-perspectives\/\" class=\"btn topic mar-t-0 mar-r-qtr mar-b-hlf\">Id\u00e9es et perspectives<\/a>\n\t\t\t\t\t\t\t\t\t<a href=\"https:\/\/www.rbcroyalbank.com\/fr-ca\/mes-finances-dabord\/sujets\/planification-et-developpement-de-carriere\/\" class=\"btn topic mar-t-0 mar-r-qtr mar-b-hlf\">Planification et d\u00e9veloppement de carri\u00e8re<\/a>\n\t\t\t\t\t\t\t<\/div>\n\t\t\t<\/div>\n<\/section>\n\n\n\n<section class=\"wp-block-rbc-section-block  pos-rel mob-pad-t-dbl\" style=\"border-radius:0px\">\n<div class=\"wp-block-rbc-section-inner-block  section-inner\" style=\"border-radius:0x\">\n<h2 class=\"wp-block-heading mar-b mob-mar-b-dbl mar-t-0\" id=\"h-a-lire-ensuite\">\u00c0 lire ensuite<\/h2>\n\n\n\t\t\t<div class=\"related-posts-type-2\">\n\t\t\t\t<div class=\"related-post-list\">\n\t\t\t\t\t<ul class=\"grid-wpr eh-wpr\">\n\t\t\t\t\t\t\t\t\t\t\t\t\t\t\t<li class= 'grid-one-third grid-tb-full grid-mob-full mar-b'>\n\t\t\t\t\t\t\t\t\t\t<article class=\"col-wpr mar-b-0 mar-r-0 mar-l-0\">\n\t\t\t\t\t\t\t\t\t\t\t\t\t\t\t\t\t\t\t\t\t\t\t<div class=\"postcard-img-ctr post-card-image col-md-12 col-xs-6 mob-mar-b-0 pad-l-0\">\n\t\t\t\t\t\t\t\t\t\t\t\t\t<img loading=\"lazy\" decoding=\"async\" width=\"1024\" height=\"683\" src=\"https:\/\/www.rbcroyalbank.com\/fr-ca\/wp-content\/uploads\/sites\/13\/2026\/04\/Cost-of-post-secondary-education_image.jpg?quality=80&amp;w=1024\" class=\"attachment-post-thumbnail size-post-thumbnail wp-post-image\" alt=\"Parent et enfant consultant ensemble des options d&#039;\u00e9tudes postsecondaires sur un ordinateur portable \u00e0 la maison\" srcset=\"https:\/\/www.rbcroyalbank.com\/fr-ca\/wp-content\/uploads\/sites\/13\/2026\/04\/Cost-of-post-secondary-education_image.jpg 2121w, https:\/\/www.rbcroyalbank.com\/fr-ca\/wp-content\/uploads\/sites\/13\/2026\/04\/Cost-of-post-secondary-education_image.jpg?resize=300,200 300w, https:\/\/www.rbcroyalbank.com\/fr-ca\/wp-content\/uploads\/sites\/13\/2026\/04\/Cost-of-post-secondary-education_image.jpg?resize=768,512 768w, https:\/\/www.rbcroyalbank.com\/fr-ca\/wp-content\/uploads\/sites\/13\/2026\/04\/Cost-of-post-secondary-education_image.jpg?resize=1024,683 1024w, https:\/\/www.rbcroyalbank.com\/fr-ca\/wp-content\/uploads\/sites\/13\/2026\/04\/Cost-of-post-secondary-education_image.jpg?resize=1536,1024 1536w, https:\/\/www.rbcroyalbank.com\/fr-ca\/wp-content\/uploads\/sites\/13\/2026\/04\/Cost-of-post-secondary-education_image.jpg?resize=2048,1365 2048w\" sizes=\"auto, (max-width: 1024px) 100vw, 1024px\" \/>\t\t\t\t\t\t\t\t\t\t\t\t<\/div>\n\t\t\t\t\t\t\t\t\t\t\t\t\t\t\t\t\t\t\t\t\t\t<div class=\"card-details mob-mar-b-0 mob-mar-t-0 pad-r-0 col-md-12 col-xs-6\">\n\t\t\t\t\t\t\t\t\t\t\t\t\t\t\t\t<a class=\"primary-taxonomy primary-link\" href=\"https:\/\/www.rbcroyalbank.com\/fr-ca\/mes-finances-dabord\/evenements-de-la-vie\/finances-et-relations\/parentalite\/\">\n\t\t\t\t\t\tParentalit\u00e9\t\t\t\t\t<\/a>\n\t\t\t\t\t\t\t\t\t\t\t\t\t\t\t\t<a href=\"https:\/\/www.rbcroyalbank.com\/fr-ca\/mes-finances-dabord\/evenements-de-la-vie\/finances-et-relations\/parentalite\/couts-des-etudes-postsecondaires-au-canada-guide-des-parents\/\" class=\"card-title h4 mar-t-0\">Co\u00fbts des \u00e9tudes postsecondaires au Canada : guide des parents<\/a>\n\t\t\t\t\t\t\t\t\t\t\t<\/div>\n\t\t\t\t\t\t\t\t\t\t<\/article>\n\t\t\t\t\t\t\t\t\t<\/li>\n\t\t\t\t\t\t\t\t\t\t\t\t\t\t\t\t<li class= 'grid-one-third grid-tb-full grid-mob-full mar-b'>\n\t\t\t\t\t\t\t\t\t\t<article class=\"col-wpr mar-b-0 mar-r-0 mar-l-0\">\n\t\t\t\t\t\t\t\t\t\t\t\t\t\t\t\t\t\t\t\t\t\t\t<div class=\"postcard-img-ctr post-card-image col-md-12 col-xs-6 mob-mar-b-0 pad-l-0\">\n\t\t\t\t\t\t\t\t\t\t\t\t\t<img loading=\"lazy\" decoding=\"async\" width=\"1024\" height=\"683\" src=\"https:\/\/www.rbcroyalbank.com\/fr-ca\/wp-content\/uploads\/sites\/13\/2026\/03\/shutterstock_172567265_RESPvsRRSP-1.jpg?quality=80&amp;w=1024\" class=\"attachment-post-thumbnail size-post-thumbnail wp-post-image\" alt=\"Des parents heureux c\u00e9l\u00e9brant la graduation de leur enfant, sachant qu&#039;ils ont r\u00e9ussi \u00e0 \u00e9quilibrer leurs cotisations au REEE et au REER.\" srcset=\"https:\/\/www.rbcroyalbank.com\/fr-ca\/wp-content\/uploads\/sites\/13\/2026\/03\/shutterstock_172567265_RESPvsRRSP-1.jpg 3900w, https:\/\/www.rbcroyalbank.com\/fr-ca\/wp-content\/uploads\/sites\/13\/2026\/03\/shutterstock_172567265_RESPvsRRSP-1.jpg?resize=300,200 300w, https:\/\/www.rbcroyalbank.com\/fr-ca\/wp-content\/uploads\/sites\/13\/2026\/03\/shutterstock_172567265_RESPvsRRSP-1.jpg?resize=768,512 768w, https:\/\/www.rbcroyalbank.com\/fr-ca\/wp-content\/uploads\/sites\/13\/2026\/03\/shutterstock_172567265_RESPvsRRSP-1.jpg?resize=1024,683 1024w, https:\/\/www.rbcroyalbank.com\/fr-ca\/wp-content\/uploads\/sites\/13\/2026\/03\/shutterstock_172567265_RESPvsRRSP-1.jpg?resize=1536,1024 1536w, https:\/\/www.rbcroyalbank.com\/fr-ca\/wp-content\/uploads\/sites\/13\/2026\/03\/shutterstock_172567265_RESPvsRRSP-1.jpg?resize=2048,1365 2048w\" sizes=\"auto, (max-width: 1024px) 100vw, 1024px\" \/>\t\t\t\t\t\t\t\t\t\t\t\t<\/div>\n\t\t\t\t\t\t\t\t\t\t\t\t\t\t\t\t\t\t\t\t\t\t<div class=\"card-details mob-mar-b-0 mob-mar-t-0 pad-r-0 col-md-12 col-xs-6\">\n\t\t\t\t\t\t\t\t\t\t\t\t\t\t\t\t<a class=\"primary-taxonomy primary-link\" href=\"https:\/\/www.rbcroyalbank.com\/fr-ca\/mes-finances-dabord\/evenements-de-la-vie\/finances-et-relations\/parentalite\/\">\n\t\t\t\t\t\tParentalit\u00e9\t\t\t\t\t<\/a>\n\t\t\t\t\t\t\t\t\t\t\t\t\t\t\t\t<a href=\"https:\/\/www.rbcroyalbank.com\/fr-ca\/mes-finances-dabord\/evenements-de-la-vie\/finances-et-relations\/parentalite\/reee-et-reer-comment-trouver-lequilibre-entre-lepargne-etudes-et-lepargne-retraite\/\" class=\"card-title h4 mar-t-0\">REEE et REER : comment trouver l\u2019\u00e9quilibre entre l\u2019\u00e9pargne-\u00e9tudes et l\u2019\u00e9pargne-retraite<\/a>\n\t\t\t\t\t\t\t\t\t\t\t<\/div>\n\t\t\t\t\t\t\t\t\t\t<\/article>\n\t\t\t\t\t\t\t\t\t<\/li>\n\t\t\t\t\t\t\t\t\t\t\t\t\t\t\t\t<li class= 'grid-one-third grid-tb-full grid-mob-full mar-b'>\n\t\t\t\t\t\t\t\t\t\t<article class=\"col-wpr mar-b-0 mar-r-0 mar-l-0\">\n\t\t\t\t\t\t\t\t\t\t\t\t\t\t\t\t\t\t\t\t\t\t\t<div class=\"postcard-img-ctr post-card-image col-md-12 col-xs-6 mob-mar-b-0 pad-l-0\">\n\t\t\t\t\t\t\t\t\t\t\t\t\t<img loading=\"lazy\" decoding=\"async\" width=\"1024\" height=\"878\" src=\"https:\/\/www.rbcroyalbank.com\/fr-ca\/wp-content\/uploads\/sites\/13\/2025\/10\/Thumbnail-feature-515.jpg?quality=80&amp;w=1024\" class=\"attachment-post-thumbnail size-post-thumbnail wp-post-image\" alt=\"Image du mod\u00e8le Sam Robinson prise par le photographe Talen de St. Croix\" srcset=\"https:\/\/www.rbcroyalbank.com\/fr-ca\/wp-content\/uploads\/sites\/13\/2025\/10\/Thumbnail-feature-515.jpg 1190w, https:\/\/www.rbcroyalbank.com\/fr-ca\/wp-content\/uploads\/sites\/13\/2025\/10\/Thumbnail-feature-515.jpg?resize=300,257 300w, https:\/\/www.rbcroyalbank.com\/fr-ca\/wp-content\/uploads\/sites\/13\/2025\/10\/Thumbnail-feature-515.jpg?resize=768,658 768w, https:\/\/www.rbcroyalbank.com\/fr-ca\/wp-content\/uploads\/sites\/13\/2025\/10\/Thumbnail-feature-515.jpg?resize=1024,878 1024w\" sizes=\"auto, (max-width: 1024px) 100vw, 1024px\" \/>\t\t\t\t\t\t\t\t\t\t\t\t<\/div>\n\t\t\t\t\t\t\t\t\t\t\t\t\t\t\t\t\t\t\t\t\t\t<div class=\"card-details mob-mar-b-0 mob-mar-t-0 pad-r-0 col-md-12 col-xs-6\">\n\t\t\t\t\t\t\t\t\t\t\t\t\t\t\t\t<a class=\"primary-taxonomy primary-link\" href=\"https:\/\/www.rbcroyalbank.com\/fr-ca\/mes-finances-dabord\/objectifs-et-aspirations\/etudes-et-carriere\/formation-continue\/\">\n\t\t\t\t\t\tFormation continue\t\t\t\t\t<\/a>\n\t\t\t\t\t\t\t\t\t\t\t\t\t\t\t\t<a href=\"https:\/\/www.rbcroyalbank.com\/fr-ca\/mes-finances-dabord\/objectifs-et-aspirations\/etudes-et-carriere\/formation-continue\/finances-et-rentree-des-classes-depenser-judicieusement-a-la-rentree\/\" class=\"card-title h4 mar-t-0\">Finances et rentr\u00e9e des classes : d\u00e9penser judicieusement \u00e0 la rentr\u00e9e<\/a>\n\t\t\t\t\t\t\t\t\t\t\t<\/div>\n\t\t\t\t\t\t\t\t\t\t<\/article>\n\t\t\t\t\t\t\t\t\t<\/li>\n\t\t\t\t\t\t\t\t\t\t\t\t<\/ul>\n\t\t\t\t<\/div>\n\t\t\t<\/div>\n\t\t<\/div>\n<\/section>\n<style class=\"advgb-styles-renderer\">\n\t\t.wp-block-tk-spacer.id-87c752a4-4b25-4157-8e51-a77b98c7c29a {\n\t\theight: 60px;\n\t}\n\n\t@media ( max-width: 480px ) {\n\t\t.wp-block-tk-spacer.id-87c752a4-4b25-4157-8e51-a77b98c7c29a {\n\t\t\theight: 30px;\n\t\t}\n\t}\t<\/style>","protected":false},"excerpt":{"rendered":"<p>Un nouveau rapport des Services \u00e9conomiques RBC se penche sur le parcours professionnel de dipl\u00f4m\u00e9s qui sont entr\u00e9s sur le march\u00e9 du travail pendant une p\u00e9riode de r\u00e9cession.<\/p>\n","protected":false},"author":80,"featured_media":26270,"parent":6538,"menu_order":0,"template":"","meta":{"_acf_changed":false,"advgb_blocks_editor_width":"","advgb_blocks_columns_visual_guide":"","footnotes":""},"tags":[173,145],"rbc_content_type":[121],"rbc_audience":[150,139],"rbc_lob_group":[135],"rbc_difficulty_level":[123],"rbc_mmm_category":[37,75,40,65,30],"class_list":["post-26269","rbc_my_money_matter","type-rbc_my_money_matter","status-publish","has-post-thumbnail","hentry","tag-idees-et-perspectives","tag-planification-et-developpement-de-carriere","rbc_content_type-article","rbc_audience-aines","rbc_audience-parents","rbc_lob_group-pret-hypothecaire","rbc_difficulty_level-beginner","rbc_mmm_category-achat-dune-maison","rbc_mmm_category-etudes-collegiales-ou-universitaires","rbc_mmm_category-etudes-et-carriere","rbc_mmm_category-immeuble-de-placement-et-residence-de-vacances","rbc_mmm_category-objectifs-et-aspirations"],"acf":{"contently_publication_id":"365292","custom_author":"Andrew Agopsowicz","rbc_video_header":"","rbc_media_duration":"","rbc_video_keywords":"","rbc_video_description":"","rbc_video_upload_date":"","rbc_toc_for_mmm_tag":"h2","rbc_toc_for_mmm_limit":6,"rbc_toc_for_mmm":null,"rbc_toc_for_mmm_action":""},"yoast_head":"<!-- This site is optimized with the Yoast SEO Premium plugin v27.4 (Yoast SEO v27.4) - https:\/\/yoast.com\/product\/yoast-seo-premium-wordpress\/ -->\n<meta name=\"description\" content=\"Un nouveau rapport des Services \u00e9conomiques RBC se penche sur le parcours professionnel de dipl\u00f4m\u00e9s qui sont entr\u00e9s sur le march\u00e9 du travail pendant une p\u00e9riode de r\u00e9cession.\" \/>\n<meta name=\"robots\" content=\"index, follow, max-snippet:-1, max-image-preview:large, max-video-preview:-1\" \/>\n<link rel=\"canonical\" href=\"https:\/\/www.rbcroyalbank.com\/fr-ca\/mes-finances-dabord\/objectifs-et-aspirations\/etudes-et-carriere\/etudes-collegiales-ou-universitaires\/la-recession-et-ses-obstacles-les-consequences-professionnelles-a-long-terme-de-lobtention-dun-diplome-en-periode-de-repli\/\" \/>\n<meta property=\"og:locale\" content=\"fr_FR\" \/>\n<meta property=\"og:type\" content=\"article\" \/>\n<meta property=\"og:description\" content=\"Un nouveau rapport des Services \u00e9conomiques RBC se penche sur le parcours professionnel de dipl\u00f4m\u00e9s qui sont entr\u00e9s sur le march\u00e9 du travail pendant une p\u00e9riode de r\u00e9cession.\" \/>\n<meta property=\"og:url\" content=\"https:\/\/www.rbcroyalbank.com\/fr-ca\/mes-finances-dabord\/objectifs-et-aspirations\/etudes-et-carriere\/etudes-collegiales-ou-universitaires\/la-recession-et-ses-obstacles-les-consequences-professionnelles-a-long-terme-de-lobtention-dun-diplome-en-periode-de-repli\/\" \/>\n<meta property=\"og:site_name\" content=\"RBC Banque Royale\" \/>\n<meta property=\"article:modified_time\" content=\"2024-07-22T18:57:08+00:00\" \/>\n<meta property=\"og:image\" content=\"https:\/\/www.rbcroyalbank.com\/fr-ca\/wp-content\/uploads\/sites\/13\/2023\/12\/Capture.jpg?quality=80\" \/>\n\t<meta property=\"og:image:width\" content=\"882\" \/>\n\t<meta property=\"og:image:height\" content=\"583\" \/>\n\t<meta property=\"og:image:type\" content=\"image\/jpeg\" \/>\n<meta name=\"twitter:card\" content=\"summary_large_image\" \/>\n<meta name=\"twitter:label1\" content=\"Est. reading time\" \/>\n\t<meta name=\"twitter:data1\" content=\"8 minutes\" \/>\n<script type=\"application\/ld+json\" class=\"yoast-schema-graph\">{\"@context\":\"https:\\\/\\\/schema.org\",\"@graph\":[{\"@type\":\"WebPage\",\"@id\":\"https:\\\/\\\/www.rbcroyalbank.com\\\/fr-ca\\\/mes-finances-dabord\\\/objectifs-et-aspirations\\\/etudes-et-carriere\\\/etudes-collegiales-ou-universitaires\\\/la-recession-et-ses-obstacles-les-consequences-professionnelles-a-long-terme-de-lobtention-dun-diplome-en-periode-de-repli\\\/\",\"url\":\"https:\\\/\\\/www.rbcroyalbank.com\\\/fr-ca\\\/mes-finances-dabord\\\/objectifs-et-aspirations\\\/etudes-et-carriere\\\/etudes-collegiales-ou-universitaires\\\/la-recession-et-ses-obstacles-les-consequences-professionnelles-a-long-terme-de-lobtention-dun-diplome-en-periode-de-repli\\\/\",\"name\":\"La r\u00e9cession et ses obstacles : Les cons\u00e9quences professionnelles \u00e0 long terme de l'obtention d'un dipl\u00f4me en p\u00e9riode de repli - Mes finances d\u2019abord\",\"isPartOf\":{\"@id\":\"https:\\\/\\\/www.rbcroyalbank.com\\\/fr-ca\\\/#website\"},\"primaryImageOfPage\":{\"@id\":\"https:\\\/\\\/www.rbcroyalbank.com\\\/fr-ca\\\/mes-finances-dabord\\\/objectifs-et-aspirations\\\/etudes-et-carriere\\\/etudes-collegiales-ou-universitaires\\\/la-recession-et-ses-obstacles-les-consequences-professionnelles-a-long-terme-de-lobtention-dun-diplome-en-periode-de-repli\\\/#primaryimage\"},\"image\":{\"@id\":\"https:\\\/\\\/www.rbcroyalbank.com\\\/fr-ca\\\/mes-finances-dabord\\\/objectifs-et-aspirations\\\/etudes-et-carriere\\\/etudes-collegiales-ou-universitaires\\\/la-recession-et-ses-obstacles-les-consequences-professionnelles-a-long-terme-de-lobtention-dun-diplome-en-periode-de-repli\\\/#primaryimage\"},\"thumbnailUrl\":\"https:\\\/\\\/www.rbcroyalbank.com\\\/fr-ca\\\/wp-content\\\/uploads\\\/sites\\\/13\\\/2023\\\/12\\\/Capture.jpg?quality=80\",\"datePublished\":\"2023-12-29T19:47:09+00:00\",\"dateModified\":\"2024-07-22T18:57:08+00:00\",\"description\":\"Un nouveau rapport des Services \u00e9conomiques RBC se penche sur le parcours professionnel de dipl\u00f4m\u00e9s qui sont entr\u00e9s sur le march\u00e9 du travail pendant une p\u00e9riode de r\u00e9cession.\",\"breadcrumb\":{\"@id\":\"https:\\\/\\\/www.rbcroyalbank.com\\\/fr-ca\\\/mes-finances-dabord\\\/objectifs-et-aspirations\\\/etudes-et-carriere\\\/etudes-collegiales-ou-universitaires\\\/la-recession-et-ses-obstacles-les-consequences-professionnelles-a-long-terme-de-lobtention-dun-diplome-en-periode-de-repli\\\/#breadcrumb\"},\"inLanguage\":\"fr-FR\",\"potentialAction\":[{\"@type\":\"ReadAction\",\"target\":[\"https:\\\/\\\/www.rbcroyalbank.com\\\/fr-ca\\\/mes-finances-dabord\\\/objectifs-et-aspirations\\\/etudes-et-carriere\\\/etudes-collegiales-ou-universitaires\\\/la-recession-et-ses-obstacles-les-consequences-professionnelles-a-long-terme-de-lobtention-dun-diplome-en-periode-de-repli\\\/\"]}]},{\"@type\":\"ImageObject\",\"inLanguage\":\"fr-FR\",\"@id\":\"https:\\\/\\\/www.rbcroyalbank.com\\\/fr-ca\\\/mes-finances-dabord\\\/objectifs-et-aspirations\\\/etudes-et-carriere\\\/etudes-collegiales-ou-universitaires\\\/la-recession-et-ses-obstacles-les-consequences-professionnelles-a-long-terme-de-lobtention-dun-diplome-en-periode-de-repli\\\/#primaryimage\",\"url\":\"https:\\\/\\\/www.rbcroyalbank.com\\\/fr-ca\\\/wp-content\\\/uploads\\\/sites\\\/13\\\/2023\\\/12\\\/Capture.jpg?quality=80\",\"contentUrl\":\"https:\\\/\\\/www.rbcroyalbank.com\\\/fr-ca\\\/wp-content\\\/uploads\\\/sites\\\/13\\\/2023\\\/12\\\/Capture.jpg?quality=80\",\"width\":882,\"height\":583,\"caption\":\"Image d'un signe de dollar et d'\u00e9tudiants recevant leur dipl\u00f4me\"},{\"@type\":\"BreadcrumbList\",\"@id\":\"https:\\\/\\\/www.rbcroyalbank.com\\\/fr-ca\\\/mes-finances-dabord\\\/objectifs-et-aspirations\\\/etudes-et-carriere\\\/etudes-collegiales-ou-universitaires\\\/la-recession-et-ses-obstacles-les-consequences-professionnelles-a-long-terme-de-lobtention-dun-diplome-en-periode-de-repli\\\/#breadcrumb\",\"itemListElement\":[{\"@type\":\"ListItem\",\"position\":1,\"name\":\"Mes finances d\u2019abord\",\"item\":\"https:\\\/\\\/www.rbcroyalbank.com\\\/fr-ca\\\/mes-finances-dabord\\\/\"},{\"@type\":\"ListItem\",\"position\":2,\"name\":\"Objectifs et Aspirations\",\"item\":\"https:\\\/\\\/www.rbcroyalbank.com\\\/fr-ca\\\/mes-finances-dabord\\\/objectifs-et-aspirations\\\/\"},{\"@type\":\"ListItem\",\"position\":3,\"name\":\"\u00c9tudes Et Carri\u00e8re\",\"item\":\"https:\\\/\\\/www.rbcroyalbank.com\\\/fr-ca\\\/mes-finances-dabord\\\/objectifs-et-aspirations\\\/etudes-et-carriere\\\/\"},{\"@type\":\"ListItem\",\"position\":4,\"name\":\"\u00c9tudes coll\u00e9giales ou universitaires\",\"item\":\"https:\\\/\\\/www.rbcroyalbank.com\\\/fr-ca\\\/mes-finances-dabord\\\/objectifs-et-aspirations\\\/etudes-et-carriere\\\/etudes-collegiales-ou-universitaires\\\/\"},{\"@type\":\"ListItem\",\"position\":5,\"name\":\"La r\u00e9cession et ses obstacles : Les cons\u00e9quences professionnelles \u00e0 long terme de l&#8217;obtention d&#8217;un dipl\u00f4me en p\u00e9riode de repli\"}]},{\"@type\":\"WebSite\",\"@id\":\"https:\\\/\\\/www.rbcroyalbank.com\\\/fr-ca\\\/#website\",\"url\":\"https:\\\/\\\/www.rbcroyalbank.com\\\/fr-ca\\\/\",\"name\":\"RBC Banque Royale\",\"description\":\"\",\"potentialAction\":[{\"@type\":\"SearchAction\",\"target\":{\"@type\":\"EntryPoint\",\"urlTemplate\":\"https:\\\/\\\/www.rbcroyalbank.com\\\/fr-ca\\\/?s={search_term_string}\"},\"query-input\":{\"@type\":\"PropertyValueSpecification\",\"valueRequired\":true,\"valueName\":\"search_term_string\"}}],\"inLanguage\":\"fr-FR\"}]}<\/script>\n<!-- \/ Yoast SEO Premium plugin. -->","yoast_head_json":{"description":"Un nouveau rapport des Services \u00e9conomiques RBC se penche sur le parcours professionnel de dipl\u00f4m\u00e9s qui sont entr\u00e9s sur le march\u00e9 du travail pendant une p\u00e9riode de r\u00e9cession.","robots":{"index":"index","follow":"follow","max-snippet":"max-snippet:-1","max-image-preview":"max-image-preview:large","max-video-preview":"max-video-preview:-1"},"canonical":"https:\/\/www.rbcroyalbank.com\/fr-ca\/mes-finances-dabord\/objectifs-et-aspirations\/etudes-et-carriere\/etudes-collegiales-ou-universitaires\/la-recession-et-ses-obstacles-les-consequences-professionnelles-a-long-terme-de-lobtention-dun-diplome-en-periode-de-repli\/","og_locale":"fr_FR","og_type":"article","og_description":"Un nouveau rapport des Services \u00e9conomiques RBC se penche sur le parcours professionnel de dipl\u00f4m\u00e9s qui sont entr\u00e9s sur le march\u00e9 du travail pendant une p\u00e9riode de r\u00e9cession.","og_url":"https:\/\/www.rbcroyalbank.com\/fr-ca\/mes-finances-dabord\/objectifs-et-aspirations\/etudes-et-carriere\/etudes-collegiales-ou-universitaires\/la-recession-et-ses-obstacles-les-consequences-professionnelles-a-long-terme-de-lobtention-dun-diplome-en-periode-de-repli\/","og_site_name":"RBC Banque Royale","article_modified_time":"2024-07-22T18:57:08+00:00","og_image":[{"width":882,"height":583,"url":"https:\/\/www.rbcroyalbank.com\/fr-ca\/wp-content\/uploads\/sites\/13\/2023\/12\/Capture.jpg?quality=80","type":"image\/jpeg"}],"twitter_card":"summary_large_image","twitter_misc":{"Est. reading time":"8 minutes"},"schema":{"@context":"https:\/\/schema.org","@graph":[{"@type":"WebPage","@id":"https:\/\/www.rbcroyalbank.com\/fr-ca\/mes-finances-dabord\/objectifs-et-aspirations\/etudes-et-carriere\/etudes-collegiales-ou-universitaires\/la-recession-et-ses-obstacles-les-consequences-professionnelles-a-long-terme-de-lobtention-dun-diplome-en-periode-de-repli\/","url":"https:\/\/www.rbcroyalbank.com\/fr-ca\/mes-finances-dabord\/objectifs-et-aspirations\/etudes-et-carriere\/etudes-collegiales-ou-universitaires\/la-recession-et-ses-obstacles-les-consequences-professionnelles-a-long-terme-de-lobtention-dun-diplome-en-periode-de-repli\/","name":"La r\u00e9cession et ses obstacles : Les cons\u00e9quences professionnelles \u00e0 long terme de l'obtention d'un dipl\u00f4me en p\u00e9riode de repli - Mes finances d\u2019abord","isPartOf":{"@id":"https:\/\/www.rbcroyalbank.com\/fr-ca\/#website"},"primaryImageOfPage":{"@id":"https:\/\/www.rbcroyalbank.com\/fr-ca\/mes-finances-dabord\/objectifs-et-aspirations\/etudes-et-carriere\/etudes-collegiales-ou-universitaires\/la-recession-et-ses-obstacles-les-consequences-professionnelles-a-long-terme-de-lobtention-dun-diplome-en-periode-de-repli\/#primaryimage"},"image":{"@id":"https:\/\/www.rbcroyalbank.com\/fr-ca\/mes-finances-dabord\/objectifs-et-aspirations\/etudes-et-carriere\/etudes-collegiales-ou-universitaires\/la-recession-et-ses-obstacles-les-consequences-professionnelles-a-long-terme-de-lobtention-dun-diplome-en-periode-de-repli\/#primaryimage"},"thumbnailUrl":"https:\/\/www.rbcroyalbank.com\/fr-ca\/wp-content\/uploads\/sites\/13\/2023\/12\/Capture.jpg?quality=80","datePublished":"2023-12-29T19:47:09+00:00","dateModified":"2024-07-22T18:57:08+00:00","description":"Un nouveau rapport des Services \u00e9conomiques RBC se penche sur le parcours professionnel de dipl\u00f4m\u00e9s qui sont entr\u00e9s sur le march\u00e9 du travail pendant une p\u00e9riode de r\u00e9cession.","breadcrumb":{"@id":"https:\/\/www.rbcroyalbank.com\/fr-ca\/mes-finances-dabord\/objectifs-et-aspirations\/etudes-et-carriere\/etudes-collegiales-ou-universitaires\/la-recession-et-ses-obstacles-les-consequences-professionnelles-a-long-terme-de-lobtention-dun-diplome-en-periode-de-repli\/#breadcrumb"},"inLanguage":"fr-FR","potentialAction":[{"@type":"ReadAction","target":["https:\/\/www.rbcroyalbank.com\/fr-ca\/mes-finances-dabord\/objectifs-et-aspirations\/etudes-et-carriere\/etudes-collegiales-ou-universitaires\/la-recession-et-ses-obstacles-les-consequences-professionnelles-a-long-terme-de-lobtention-dun-diplome-en-periode-de-repli\/"]}]},{"@type":"ImageObject","inLanguage":"fr-FR","@id":"https:\/\/www.rbcroyalbank.com\/fr-ca\/mes-finances-dabord\/objectifs-et-aspirations\/etudes-et-carriere\/etudes-collegiales-ou-universitaires\/la-recession-et-ses-obstacles-les-consequences-professionnelles-a-long-terme-de-lobtention-dun-diplome-en-periode-de-repli\/#primaryimage","url":"https:\/\/www.rbcroyalbank.com\/fr-ca\/wp-content\/uploads\/sites\/13\/2023\/12\/Capture.jpg?quality=80","contentUrl":"https:\/\/www.rbcroyalbank.com\/fr-ca\/wp-content\/uploads\/sites\/13\/2023\/12\/Capture.jpg?quality=80","width":882,"height":583,"caption":"Image d'un signe de dollar et d'\u00e9tudiants recevant leur dipl\u00f4me"},{"@type":"BreadcrumbList","@id":"https:\/\/www.rbcroyalbank.com\/fr-ca\/mes-finances-dabord\/objectifs-et-aspirations\/etudes-et-carriere\/etudes-collegiales-ou-universitaires\/la-recession-et-ses-obstacles-les-consequences-professionnelles-a-long-terme-de-lobtention-dun-diplome-en-periode-de-repli\/#breadcrumb","itemListElement":[{"@type":"ListItem","position":1,"name":"Mes finances d\u2019abord","item":"https:\/\/www.rbcroyalbank.com\/fr-ca\/mes-finances-dabord\/"},{"@type":"ListItem","position":2,"name":"Objectifs et Aspirations","item":"https:\/\/www.rbcroyalbank.com\/fr-ca\/mes-finances-dabord\/objectifs-et-aspirations\/"},{"@type":"ListItem","position":3,"name":"\u00c9tudes Et Carri\u00e8re","item":"https:\/\/www.rbcroyalbank.com\/fr-ca\/mes-finances-dabord\/objectifs-et-aspirations\/etudes-et-carriere\/"},{"@type":"ListItem","position":4,"name":"\u00c9tudes coll\u00e9giales ou universitaires","item":"https:\/\/www.rbcroyalbank.com\/fr-ca\/mes-finances-dabord\/objectifs-et-aspirations\/etudes-et-carriere\/etudes-collegiales-ou-universitaires\/"},{"@type":"ListItem","position":5,"name":"La r\u00e9cession et ses obstacles : Les cons\u00e9quences professionnelles \u00e0 long terme de l&#8217;obtention d&#8217;un dipl\u00f4me en p\u00e9riode de repli"}]},{"@type":"WebSite","@id":"https:\/\/www.rbcroyalbank.com\/fr-ca\/#website","url":"https:\/\/www.rbcroyalbank.com\/fr-ca\/","name":"RBC Banque Royale","description":"","potentialAction":[{"@type":"SearchAction","target":{"@type":"EntryPoint","urlTemplate":"https:\/\/www.rbcroyalbank.com\/fr-ca\/?s={search_term_string}"},"query-input":{"@type":"PropertyValueSpecification","valueRequired":true,"valueName":"search_term_string"}}],"inLanguage":"fr-FR"}]}},"parsely":{"version":"1.1.0","canonical_url":"https:\/\/rbcroyalbank.com\/fr-ca\/mes-finances-dabord\/objectifs-et-aspirations\/etudes-et-carriere\/etudes-collegiales-ou-universitaires\/la-recession-et-ses-obstacles-les-consequences-professionnelles-a-long-terme-de-lobtention-dun-diplome-en-periode-de-repli\/","smart_links":{"inbound":0,"outbound":0},"traffic_boost_suggestions_count":0,"meta":{"@context":"https:\/\/schema.org","@type":"NewsArticle","headline":"La r\u00e9cession et ses obstacles : Les cons\u00e9quences professionnelles \u00e0 long terme de l&rsquo;obtention d&rsquo;un dipl\u00f4me en p\u00e9riode de repli","url":"http:\/\/www.rbcroyalbank.com\/fr-ca\/mes-finances-dabord\/objectifs-et-aspirations\/etudes-et-carriere\/etudes-collegiales-ou-universitaires\/la-recession-et-ses-obstacles-les-consequences-professionnelles-a-long-terme-de-lobtention-dun-diplome-en-periode-de-repli\/","mainEntityOfPage":{"@type":"WebPage","@id":"http:\/\/www.rbcroyalbank.com\/fr-ca\/mes-finances-dabord\/objectifs-et-aspirations\/etudes-et-carriere\/etudes-collegiales-ou-universitaires\/la-recession-et-ses-obstacles-les-consequences-professionnelles-a-long-terme-de-lobtention-dun-diplome-en-periode-de-repli\/"},"thumbnailUrl":"https:\/\/www.rbcroyalbank.com\/fr-ca\/wp-content\/uploads\/sites\/13\/2023\/12\/Capture.jpg?quality=80&w=150&h=150&crop=1","image":{"@type":"ImageObject","url":"https:\/\/www.rbcroyalbank.com\/fr-ca\/wp-content\/uploads\/sites\/13\/2023\/12\/Capture.jpg?quality=80"},"articleSection":"Uncategorized","author":[{"@type":"Person","name":"jacquelinewu"}],"creator":["jacquelinewu"],"publisher":{"@type":"Organization","name":"RBC Banque Royale","logo":""},"keywords":["id\u00e9es et perspectives","planification et d\u00e9veloppement de carri\u00e8re"],"dateCreated":"2023-12-29T19:47:09Z","datePublished":"2023-12-29T19:47:09Z","dateModified":"2024-07-22T18:57:08Z"},"rendered":"<script type=\"application\/ld+json\" class=\"wp-parsely-metadata\">{\"@context\":\"https:\\\/\\\/schema.org\",\"@type\":\"NewsArticle\",\"headline\":\"La r\\u00e9cession et ses obstacles : Les cons\\u00e9quences professionnelles \\u00e0 long terme de l&rsquo;obtention d&rsquo;un dipl\\u00f4me en p\\u00e9riode de repli\",\"url\":\"http:\\\/\\\/www.rbcroyalbank.com\\\/fr-ca\\\/mes-finances-dabord\\\/objectifs-et-aspirations\\\/etudes-et-carriere\\\/etudes-collegiales-ou-universitaires\\\/la-recession-et-ses-obstacles-les-consequences-professionnelles-a-long-terme-de-lobtention-dun-diplome-en-periode-de-repli\\\/\",\"mainEntityOfPage\":{\"@type\":\"WebPage\",\"@id\":\"http:\\\/\\\/www.rbcroyalbank.com\\\/fr-ca\\\/mes-finances-dabord\\\/objectifs-et-aspirations\\\/etudes-et-carriere\\\/etudes-collegiales-ou-universitaires\\\/la-recession-et-ses-obstacles-les-consequences-professionnelles-a-long-terme-de-lobtention-dun-diplome-en-periode-de-repli\\\/\"},\"thumbnailUrl\":\"https:\\\/\\\/www.rbcroyalbank.com\\\/fr-ca\\\/wp-content\\\/uploads\\\/sites\\\/13\\\/2023\\\/12\\\/Capture.jpg?quality=80&w=150&h=150&crop=1\",\"image\":{\"@type\":\"ImageObject\",\"url\":\"https:\\\/\\\/www.rbcroyalbank.com\\\/fr-ca\\\/wp-content\\\/uploads\\\/sites\\\/13\\\/2023\\\/12\\\/Capture.jpg?quality=80\"},\"articleSection\":\"Uncategorized\",\"author\":[{\"@type\":\"Person\",\"name\":\"jacquelinewu\"}],\"creator\":[\"jacquelinewu\"],\"publisher\":{\"@type\":\"Organization\",\"name\":\"RBC Banque Royale\",\"logo\":\"\"},\"keywords\":[\"id\\u00e9es et perspectives\",\"planification et d\\u00e9veloppement de carri\\u00e8re\"],\"dateCreated\":\"2023-12-29T19:47:09Z\",\"datePublished\":\"2023-12-29T19:47:09Z\",\"dateModified\":\"2024-07-22T18:57:08Z\"}<\/script>","tracker_url":"https:\/\/cdn.parsely.com\/keys\/rbcroyalbank.com\/p.js"},"featured_img":"https:\/\/www.rbcroyalbank.com\/fr-ca\/wp-content\/uploads\/sites\/13\/2023\/12\/Capture.jpg?quality=80&w=882","coauthors":[],"author_meta":{"author_link":"https:\/\/www.rbcroyalbank.com\/fr-ca\/author\/jacquelinewu\/","display_name":"jacquelinewu"},"relative_dates":{"created":"Publi\u00e9 2 ans il y a","modified":"Mis \u00e0 jour 2 ans il y a"},"absolute_dates":{"created":"Publi\u00e9 le 29 d\u00e9cembre 2023","modified":"Mise \u00e0 jour le 22 juillet 2024"},"absolute_dates_time":{"created":"Publi\u00e9 le 29 d\u00e9cembre 2023 7:47  ","modified":"Mise \u00e0 jour le 22 juillet 2024 6:57  "},"featured_img_caption":"","tax_additional":{"post_tag":{"linked":["<a href=\"https:\/\/www.rbcroyalbank.com\/fr-ca\/mes-finances-dabord\/sujets\/idees-et-perspectives\/\" class=\"advgb-post-tax-term\">Id\u00e9es et perspectives<\/a>","<a href=\"https:\/\/www.rbcroyalbank.com\/fr-ca\/mes-finances-dabord\/sujets\/planification-et-developpement-de-carriere\/\" class=\"advgb-post-tax-term\">Planification et d\u00e9veloppement de carri\u00e8re<\/a>"],"unlinked":["<span class=\"advgb-post-tax-term\">Id\u00e9es et perspectives<\/span>","<span class=\"advgb-post-tax-term\">Planification et d\u00e9veloppement de carri\u00e8re<\/span>"],"slug":"post_tag","name":"\u00c9tiquettes"},"rbc_content_type":{"linked":["<a href=\"https:\/\/www.rbcroyalbank.com\/fr-ca\/content-type\/article\/\" class=\"advgb-post-tax-term\">Article<\/a>"],"unlinked":["<span class=\"advgb-post-tax-term\">Article<\/span>"],"slug":"rbc_content_type","name":"Content Types"},"rbc_audience":{"linked":["<a href=\"https:\/\/www.rbcroyalbank.com\/fr-ca\/audience\/aines\/\" class=\"advgb-post-tax-term\">A\u00een\u00e9s<\/a>","<a href=\"https:\/\/www.rbcroyalbank.com\/fr-ca\/audience\/parents\/\" class=\"advgb-post-tax-term\">Parents<\/a>"],"unlinked":["<span class=\"advgb-post-tax-term\">A\u00een\u00e9s<\/span>","<span class=\"advgb-post-tax-term\">Parents<\/span>"],"slug":"rbc_audience","name":"Audiences"},"rbc_lob_group":{"linked":["<a href=\"https:\/\/www.rbcroyalbank.com\/fr-ca\/lob-group\/pret-hypothecaire\/\" class=\"advgb-post-tax-term\">Pr\u00eat hypoth\u00e9caire<\/a>"],"unlinked":["<span class=\"advgb-post-tax-term\">Pr\u00eat hypoth\u00e9caire<\/span>"],"slug":"rbc_lob_group","name":"LOB Groups"},"rbc_difficulty_level":{"linked":["<a href=\"https:\/\/www.rbcroyalbank.com\/fr-ca\/difficulty-level\/beginner\/\" class=\"advgb-post-tax-term\">Beginner<\/a>"],"unlinked":["<span class=\"advgb-post-tax-term\">Beginner<\/span>"],"slug":"rbc_difficulty_level","name":"Difficulty Levels"},"rbc_mmm_category":{"linked":["<a href=\"https:\/\/www.rbcroyalbank.com\/fr-ca\/mmm-category\/achat-dune-maison\/\" class=\"advgb-post-tax-term\">Achat D\u2019une Maison<\/a>","<a href=\"https:\/\/www.rbcroyalbank.com\/fr-ca\/mmm-category\/etudes-collegiales-ou-universitaires\/\" class=\"advgb-post-tax-term\">\u00c9tudes coll\u00e9giales ou universitaires<\/a>","<a href=\"https:\/\/www.rbcroyalbank.com\/fr-ca\/mmm-category\/etudes-et-carriere\/\" class=\"advgb-post-tax-term\">\u00c9tudes Et Carri\u00e8re<\/a>","<a href=\"https:\/\/www.rbcroyalbank.com\/fr-ca\/mmm-category\/immeuble-de-placement-et-residence-de-vacances\/\" class=\"advgb-post-tax-term\">Immeuble de placement et r\u00e9sidence de vacances<\/a>","<a href=\"https:\/\/www.rbcroyalbank.com\/fr-ca\/mmm-category\/objectifs-et-aspirations\/\" class=\"advgb-post-tax-term\">Objectifs et Aspirations<\/a>"],"unlinked":["<span class=\"advgb-post-tax-term\">Achat D\u2019une Maison<\/span>","<span class=\"advgb-post-tax-term\">\u00c9tudes coll\u00e9giales ou universitaires<\/span>","<span class=\"advgb-post-tax-term\">\u00c9tudes Et Carri\u00e8re<\/span>","<span class=\"advgb-post-tax-term\">Immeuble de placement et r\u00e9sidence de vacances<\/span>","<span class=\"advgb-post-tax-term\">Objectifs et Aspirations<\/span>"],"slug":"rbc_mmm_category","name":"Categories"},"ep_custom_result":{"linked":[],"unlinked":[],"slug":"ep_custom_result","name":"Custom Results"}},"series_order":"","jetpack_sharing_enabled":true,"primary_tag":"173","primary_rbc_mmm_category":"75","_links":{"self":[{"href":"https:\/\/www.rbcroyalbank.com\/fr-ca\/wp-json\/wp\/v2\/rbc_my_money_matter\/26269","targetHints":{"allow":["GET"]}}],"collection":[{"href":"https:\/\/www.rbcroyalbank.com\/fr-ca\/wp-json\/wp\/v2\/rbc_my_money_matter"}],"about":[{"href":"https:\/\/www.rbcroyalbank.com\/fr-ca\/wp-json\/wp\/v2\/types\/rbc_my_money_matter"}],"author":[{"embeddable":true,"href":"https:\/\/www.rbcroyalbank.com\/fr-ca\/wp-json\/wp\/v2\/users\/80"}],"version-history":[{"count":8,"href":"https:\/\/www.rbcroyalbank.com\/fr-ca\/wp-json\/wp\/v2\/rbc_my_money_matter\/26269\/revisions"}],"predecessor-version":[{"id":31222,"href":"https:\/\/www.rbcroyalbank.com\/fr-ca\/wp-json\/wp\/v2\/rbc_my_money_matter\/26269\/revisions\/31222"}],"up":[{"embeddable":true,"href":"https:\/\/www.rbcroyalbank.com\/fr-ca\/wp-json\/wp\/v2\/rbc_my_money_matter\/6538"}],"wp:featuredmedia":[{"embeddable":true,"href":"https:\/\/www.rbcroyalbank.com\/fr-ca\/wp-json\/wp\/v2\/media\/26270"}],"wp:attachment":[{"href":"https:\/\/www.rbcroyalbank.com\/fr-ca\/wp-json\/wp\/v2\/media?parent=26269"}],"wp:term":[{"taxonomy":"post_tag","embeddable":true,"href":"https:\/\/www.rbcroyalbank.com\/fr-ca\/wp-json\/wp\/v2\/tags?post=26269"},{"taxonomy":"rbc_content_type","embeddable":true,"href":"https:\/\/www.rbcroyalbank.com\/fr-ca\/wp-json\/wp\/v2\/rbc_content_type?post=26269"},{"taxonomy":"rbc_audience","embeddable":true,"href":"https:\/\/www.rbcroyalbank.com\/fr-ca\/wp-json\/wp\/v2\/rbc_audience?post=26269"},{"taxonomy":"rbc_lob_group","embeddable":true,"href":"https:\/\/www.rbcroyalbank.com\/fr-ca\/wp-json\/wp\/v2\/rbc_lob_group?post=26269"},{"taxonomy":"rbc_difficulty_level","embeddable":true,"href":"https:\/\/www.rbcroyalbank.com\/fr-ca\/wp-json\/wp\/v2\/rbc_difficulty_level?post=26269"},{"taxonomy":"rbc_mmm_category","embeddable":true,"href":"https:\/\/www.rbcroyalbank.com\/fr-ca\/wp-json\/wp\/v2\/rbc_mmm_category?post=26269"}],"curies":[{"name":"wp","href":"https:\/\/api.w.org\/{rel}","templated":true}]}}