{"id":6963,"date":"2023-02-01T00:00:00","date_gmt":"2023-02-01T00:00:00","guid":{"rendered":""},"modified":"2024-02-14T13:50:51","modified_gmt":"2024-02-14T13:50:51","slug":"quest-ce-quune-recession-et-sommes-nous-dans-une-telle-periode","status":"publish","type":"rbc_my_money_matter","link":"https:\/\/www.rbcroyalbank.com\/fr-ca\/mes-finances-dabord\/investisseur-inspire\/academie-des-placements\/quest-ce-quune-recession-et-sommes-nous-dans-une-telle-periode\/","title":{"rendered":"Qu&rsquo;est-ce qu&rsquo;une r\u00e9cession et sommes-nous dans une telle p\u00e9riode ?"},"content":{"rendered":"<div class=\"wp-block-rbc-single-article-header\">\n\t<section class=\"section-grey cover pad-t-hlf\">\n\t\t<div class=\"section-inner w-half w-mob-full centered-margin cover section-grey pad-tb-0\">\n\t\t\t\t\t\t\t<div class=\"inline-block pill-container pill-taxonomies\">\n\t\t\t\t\t<div class=\"mar-b-hlf mob-mar-b snipe pill is-style-blue-pill\">\n\t\t\t\t\t\t<a class=\"primary-taxonomy\" href=\"https:\/\/www.rbcroyalbank.com\/fr-ca\/mes-finances-dabord\/sujets\/inflation\/\">\n\t\t\t\t\t\t\t<span>Inflation<\/span>\n\t\t\t\t\t\t<\/a>\n\t\t\t\t\t<\/div>\n\t\t\t\t<\/div>\n\t\t\t<h1 class=\"mar-b-hlf mar-t-0 mob-pad-lr-hlf h2 has-black-color\">Qu&rsquo;est-ce qu&rsquo;une r\u00e9cession et sommes-nous dans une telle p\u00e9riode ?<\/h1><p class=\"mar-b-0 mob-pad-lr-hlf author-text\">By RBC Gestion mondiale d&#039;actifs<\/p>\t\t\t\t\t<div class=\"featured-image-wrapper pos-rel\">\n\t\t\t\t\t\t<img loading=\"lazy\" decoding=\"async\" width=\"930\" height=\"620\" src=\"https:\/\/www.rbcroyalbank.com\/fr-ca\/wp-content\/uploads\/sites\/13\/2023\/09\/TDD.jpg?quality=80\" class=\" cover-image  wp-post-image\" alt=\"Une femme portant un blazer tient une chope \u00e0 caf\u00e9 et lit les informations sur une tablette sous laquelle un journal est d\u00e9pos\u00e9 sur un bureau en bois.\" srcset=\"https:\/\/www.rbcroyalbank.com\/fr-ca\/wp-content\/uploads\/sites\/13\/2023\/09\/TDD.jpg 930w, https:\/\/www.rbcroyalbank.com\/fr-ca\/wp-content\/uploads\/sites\/13\/2023\/09\/TDD.jpg?resize=300,200 300w, https:\/\/www.rbcroyalbank.com\/fr-ca\/wp-content\/uploads\/sites\/13\/2023\/09\/TDD.jpg?resize=768,512 768w\" sizes=\"auto, (max-width: 930px) 100vw, 930px\" \/>\t\t\t\t\t<\/div>\n\t\t\t\t\t\t<\/div>\n\t<\/section>\n\t<div class=\"article mar-t-dbl\">\n\t\t\t\t<section>\n\t\t\t<div class=\"section-inner socials-section\">\n\t\t\t\t<div class=\"top-socials-bar mob-mar-b-hlf\">    <div class=\"social-links mob-mar-b-hlf mob-mar-t-hlf\">\n            <a class=\"social-button-wrapper sharing-custom sharing-email\" href=\"mailto:?subject=Qu&rsquo;est-ce qu&rsquo;une r\u00e9cession et sommes-nous dans une telle p\u00e9riode ? &#038;body=Bonjour, je pensais que cet article de RBC Mes finances d\u2019abord pourrait vous int\u00e9resser: https:\/\/www.rbcroyalbank.com\/fr-ca\/mes-finances-dabord\/investisseur-inspire\/academie-des-placements\/quest-ce-quune-recession-et-sommes-nous-dans-une-telle-periode\/\">\n        <img decoding=\"async\" src=\"https:\/\/www.rbcroyalbank.com\/fr-ca\/wp-content\/plugins\/rbc-blocks\/assets\/img\/icons\/icon-email.svg\"\n          alt=\"envelope icon\">\n        <span>\n          Courriel        <\/span>\n      <\/a>\n      <div class=\"social-button-wrapper sharing-copy-wrapper\">\n        <button class=\"sharing-custom sharing-copy\" data-url=\"https:\/\/www.rbcroyalbank.com\/fr-ca\/mes-finances-dabord\/investisseur-inspire\/academie-des-placements\/quest-ce-quune-recession-et-sommes-nous-dans-une-telle-periode\/\">\n          <img decoding=\"async\"\n            src=\"https:\/\/www.rbcroyalbank.com\/fr-ca\/wp-content\/plugins\/rbc-blocks\/assets\/img\/icons\/icon-related.svg\"\n            alt=\"copy icon\">\n          <span id=\"sharing-copyUrl-Label\">\n            Copier l\u2019URL          <\/span>\n        <\/button>\n        <input type=\"text\" class=\"sharing-copy-text\" aria-labelledby=\"sharing-copyUrl-Label\">\n      <\/div>\n    <\/div>\n  <\/div>\n\t\t\t<\/div>\n\t\t<\/section>\n\t\t\t\t<section>\n\t\t\t<div class=\"section-inner w-half w-mob-full centered-margin pad-tb-0 mob-mar-t-hlf mob-mar-b\">\n\t\t\t\t<p class=\"cover-pub-line text-xs mar-b-hlf\">Published 1 f\u00e9vrier 2023 \u2022 7 min de lecture<\/p>\t\t\t<\/div>\n\t\t<\/section>\n\t<\/div>\n<\/div>\n\n\n\n<section class=\"wp-block-rbc-section-block  pos-rel\" style=\"border-radius:0px\">\n<div class=\"wp-block-rbc-section-inner-block  section-inner w-half w-mob-full\" style=\"border-radius:0x\">\n<p><\/p>\n\n\n\n<p><em>Cet article a \u00e9t\u00e9 initialement publi\u00e9 dans le <a href=\"https:\/\/www.rbcgam.com\/fr\/ca\/learn-plan\/investment-basics\/what-is-a-recession-are-we-in-one\/detail\" target=\"_blank\" rel=\"noopener\">RBC Gestion mondiale d&rsquo;actifs<\/a>.<\/em><\/p>\n\n\n\n<p>On entend souvent parler de r\u00e9cession en p\u00e9riode \u00e9conomique difficile. Or, que signifie-t-elle exactement ?<\/p>\n\n\n\n<p>Selon la d\u00e9finition la plus courante, il y a r\u00e9cession lorsque le produit int\u00e9rieur brut (PIB) recule pendant deux trimestres cons\u00e9cutifs. Le PIB mesure la valeur de tous les biens et services qu&rsquo;un pays produit et vend sur une p\u00e9riode donn\u00e9e. Pensez \u00e0 la nourriture que vous achetez, au travail que vous effectuez, ou au moment o\u00f9 vous allez chez le coiffeur, commandez un repas ou prenez des vacances. Ou bien, imaginez les \u00e9quipements achet\u00e9s par une soci\u00e9t\u00e9, le personnel qu&rsquo;elle embauche et ce qu&rsquo;elle vend : toutes ces choses et plus encore font partie du PIB.<\/p>\n\n\n\n<p>N\u00e9anmoins, un pays peut conna\u00eetre une baisse du PIB pendant deux trimestres cons\u00e9cutifs sans pour autant entrer en r\u00e9cession. Tel a \u00e9t\u00e9 le cas aux \u00c9tats-Unis en 2022. Pourquoi ?<\/p>\n\n\n\n<h2 class=\"wp-block-heading\">Qu&rsquo;est-ce qui provoque une r\u00e9cession ? Une analyse en profondeur<\/h2>\n\n\n\n<p>En pratique, les experts ne se contentent pas d&rsquo;examiner le PIB pour \u00e9valuer ce qui se passe dans l&rsquo;\u00e9conomie. Par exemple, ils tiennent compte des \u00e9l\u00e9ments suivants :<\/p>\n\n\n\n<div class=\"wp-block-columns is-layout-flex wp-container-core-columns-is-layout-9d6595d7 wp-block-columns-is-layout-flex\">\n<div class=\"wp-block-column is-layout-flow wp-block-column-is-layout-flow\">\n<figure class=\"wp-block-image alignleft size-medium is-resized\"><img decoding=\"async\" src=\"https:\/\/www.rbcroyalbank.com\/en-ca\/wp-content\/uploads\/sites\/12\/2023\/09\/icon-pie-chart-dollar-left-fill-PNG.png?w=300\" alt=\"\" class=\"wp-image-70392\" \/><\/figure>\n<\/div>\n\n\n\n<div class=\"wp-block-column is-layout-flow wp-block-column-is-layout-flow\">\n<h2 class=\"wp-block-heading\" id=\"h-revenu-reel\">Revenu r\u00e9el<\/h2>\n\n\n\n<p class=\"mar-t-hlf\">Ce chiffre mesure combien les gens gagnent, corrig\u00e9 en fonction de l\u2019inflation. Il ne s\u2019agit pas seulement du salaire que vous recevez, mais plut\u00f4t de la dur\u00e9e pendant laquelle votre p\u00e9cule s\u2019\u00e9puise. Lorsque le revenu r\u00e9el baisse, vous ne pouvez pas vous permettre d\u2019acheter autant qu\u2019avant. Si ce sc\u00e9nario touche un grand nombre de personnes, la demande de biens et services se r\u00e9duit.<\/p>\n<\/div>\n<\/div>\n\n\n\n<hr class=\"wp-block-separator has-alpha-channel-opacity is-style-wide wide\" \/>\n\n\n\n<div class=\"wp-block-columns is-layout-flex wp-container-core-columns-is-layout-9d6595d7 wp-block-columns-is-layout-flex\">\n<div class=\"wp-block-column is-layout-flow wp-block-column-is-layout-flow\">\n<figure class=\"wp-block-image alignleft size-medium is-resized\"><img decoding=\"async\" src=\"https:\/\/www.rbcroyalbank.com\/en-ca\/wp-content\/uploads\/sites\/12\/2023\/09\/icon-profile-advisor-PNG-1.png?w=300\" alt=\"Profile Advisor Icon\" class=\"wp-image-70407\" \/><\/figure>\n<\/div>\n\n\n\n<div class=\"wp-block-column is-layout-flow wp-block-column-is-layout-flow\">\n<h2 class=\"wp-block-heading\" id=\"h-emploi\">Emploi<\/h2>\n\n\n\n<p class=\"mar-t-hlf\">Conjugu\u00e9 au revenu r\u00e9el, ce chiffre nous donne un aper\u00e7u plus clair de la sant\u00e9 financi\u00e8re du consommateur. Travaillent-ils et gagnent-ils de l\u2019argent qu\u2019ils peuvent d\u00e9penser ? Celle-ci est importante, puisque les d\u00e9penses de consommation repr\u00e9sentent de 65 % \u00e0 70 % du PIB.<\/p>\n<\/div>\n<\/div>\n\n\n\n<hr class=\"wp-block-separator has-alpha-channel-opacity is-style-wide wide\" \/>\n\n\n\n<div class=\"wp-block-columns is-layout-flex wp-container-core-columns-is-layout-9d6595d7 wp-block-columns-is-layout-flex\">\n<div class=\"wp-block-column is-layout-flow wp-block-column-is-layout-flow\">\n<figure class=\"wp-block-image alignleft size-medium is-resized\"><img decoding=\"async\" src=\"https:\/\/www.rbcroyalbank.com\/en-ca\/wp-content\/uploads\/sites\/12\/2023\/09\/icon-graph-cog-PNG-1.png?w=300\" alt=\"Gears Icons\" class=\"wp-image-70408\" \/><\/figure>\n<\/div>\n\n\n\n<div class=\"wp-block-column is-layout-flow wp-block-column-is-layout-flow\">\n<h2 class=\"wp-block-heading\" id=\"h-production-industrielle\">Production industrielle<\/h2>\n\n\n\n<p class=\"mar-t-hlf\">Ce chiffre nous aide \u00e0 d\u00e9terminer si une r\u00e9cession s\u2019amorce. Quand les soci\u00e9t\u00e9s constatent une contraction de la demande, elles peuvent r\u00e9duire leur production. Il en r\u00e9sulte un recul du PIB, et l\u2019\u00e9conomie se rapproche alors de la r\u00e9cession.<\/p>\n<\/div>\n<\/div>\n\n\n\n<hr class=\"wp-block-separator has-alpha-channel-opacity is-style-wide wide\" \/>\n\n\n\n<div class=\"wp-block-columns is-layout-flex wp-container-core-columns-is-layout-9d6595d7 wp-block-columns-is-layout-flex\">\n<div class=\"wp-block-column is-layout-flow wp-block-column-is-layout-flow\">\n<figure class=\"wp-block-image alignleft size-medium is-resized\"><img decoding=\"async\" src=\"https:\/\/www.rbcroyalbank.com\/en-ca\/wp-content\/uploads\/sites\/12\/2023\/09\/icon-credit-card-PNG-1.png?w=300\" alt=\"Credit Card icon\" class=\"wp-image-70409\" \/><\/figure>\n<\/div>\n\n\n\n<div class=\"wp-block-column is-layout-flow wp-block-column-is-layout-flow\">\n<h2 class=\"wp-block-heading\" id=\"h-ventes-en-gros-et-au-detail\">Ventes en gros et au d\u00e9tail<\/h2>\n\n\n\n<p class=\"mar-t-hlf\">Ces chiffres peuvent servir \u00e0 \u00e9valuer les d\u00e9penses de consommation.<\/p>\n<\/div>\n<\/div>\n\n\n\n<hr class=\"wp-block-separator has-alpha-channel-opacity is-style-wide wide\" \/>\n\n\n\n<p>Ces indicateurs s&rsquo;unissent pour nous permettre de comprendre le cycle \u00e9conomique, y compris la phase que l&rsquo;on appelle r\u00e9cession. Les \u00e9conomistes \u00e9tudient tous ces aspects et bien d&rsquo;autres pour comprendre l&rsquo;expansion et la contraction de l&rsquo;activit\u00e9 \u00e9conomique au fil du temps.<\/p>\n\n\n\n<h3 class=\"wp-block-heading\">O\u00f9 se situe la r\u00e9cession dans le cycle \u00e9conomique ?<b><\/b><\/h3>\n\n\n\n<p>Le cycle \u00e9conomique est comparable \u00e0 un cycle naturel, comme celui des quatre saisons, \u00e0 la diff\u00e9rence qu&rsquo;il s&rsquo;\u00e9tend sur des ann\u00e9es plut\u00f4t que sur des mois. Le cycle \u00e9conomique se caract\u00e9rise principalement par les six \u00e9tapes indiqu\u00e9es ci-dessous. La dur\u00e9e de chaque \u00e9tape et ses r\u00e9percussions varient d&rsquo;un cycle \u00e0 l&rsquo;autre.<\/p>\n\n\n\n<p>Ces indicateurs s&rsquo;unissent pour nous permettre de comprendre le cycle \u00e9conomique, y compris la phase que l&rsquo;on appelle r\u00e9cession. Les \u00e9conomistes \u00e9tudient tous ces aspects et bien d&rsquo;autres pour comprendre l&rsquo;expansion et la contraction de l&rsquo;activit\u00e9 \u00e9conomique au fil du temps.<\/p>\n\n\n\n<div class=\"wp-block-columns has-border-color has-grey-border-color has-light-grey-background-color has-background is-layout-flex wp-container-core-columns-is-layout-9d6595d7 wp-block-columns-is-layout-flex\" style=\"border-width:1px\">\n<div class=\"wp-block-column is-layout-flow wp-block-column-is-layout-flow\">\n<h4 class=\"wp-block-heading\" id=\"h-nous-dirigeons-nous-vers-une-recession-en-2023-a-quoi-pourrait-elle-ressembler\">Nous dirigeons-nous vers une r\u00e9cession en 2023 ? \u00c0 quoi pourrait-elle ressembler ?<\/h4>\n\n\n\n<p>L\u2019activit\u00e9 \u00e9conomique a commenc\u00e9 \u00e0 ralentir \u00e0 la fin de 2022, alors que les taux d\u2019int\u00e9r\u00eat ont continu\u00e9 \u00e0 augmenter. Toutefois, rien n\u2019indique qu\u2019une r\u00e9cession soit d\u00e9j\u00e0 amorc\u00e9e. Le march\u00e9 du travail demeure vigoureux, les consommateurs et les entreprises disposent de liquidit\u00e9s importantes et la production industrielle est en hausse.<\/p>\n\n\n\n<p>Bien qu\u2019il soit probable que nous connaissions une r\u00e9cession en 2023, Eric Lascelles, notre \u00e9conomiste en chef, croit que le march\u00e9 du travail demeurera plus solide que lors des r\u00e9cessions pr\u00e9c\u00e9dentes. La r\u00e9cession pourrait donc \u00eatre plus courte et moins profonde. Un creux plus faible donnerait alors le coup d\u2019envoi de la prochaine phase de reprise et de croissance de l\u2019\u00e9conomie.<\/p>\n<\/div>\n<\/div>\n\n\n\n<h4 class=\"wp-block-heading\">O\u00f9 se situe la r\u00e9cession dans le cycle \u00e9conomique ?<b><\/b><\/h4>\n\n\n\n<p>Le cycle \u00e9conomique est comparable \u00e0 un cycle naturel, comme celui des quatre saisons, \u00e0 la diff\u00e9rence qu&rsquo;il s&rsquo;\u00e9tend sur des ann\u00e9es plut\u00f4t que sur des mois. Le cycle \u00e9conomique se caract\u00e9rise principalement par les six \u00e9tapes indiqu\u00e9es ci-dessous. La dur\u00e9e de chaque \u00e9tape et ses r\u00e9percussions varient d&rsquo;un cycle \u00e0 l&rsquo;autre.<\/p>\n\n\n\n<figure class=\"wp-block-image\"><img decoding=\"async\" src=\"https:\/\/www.rbcroyalbank.com\/fr-ca\/wp-content\/uploads\/sites\/13\/2023\/09\/019GAM007__2801-2023_29_Business_Cycle_fr_V1.png\" alt=\"O\u00f9 se situe la r\u00e9cession dans le cycle \u00e9conomique graph\" class=\"wp-image-18393\" \/><\/figure>\n\n\n\n<p><sup>Source: RBC GMA<\/sup><\/p>\n\n\n\n<p>Chacune de ces \u00e9tapes du cycle refl\u00e8te un niveau d&rsquo;activit\u00e9 \u00e9conomique diff\u00e9rent. Lorsque le cycle \u00e9conomique traverse une p\u00e9riode d&rsquo;expansion et atteint le \u00ab sommet \u00bb, il est fr\u00e9quent de voir des secteurs de l&rsquo;\u00e9conomie commencer \u00e0 surchauffer. Ce ph\u00e9nom\u00e8ne se produit lorsque l&rsquo;\u00e9conomie commence \u00e0 \u00e9voluer \u00e0 un rythme qu&rsquo;elle ne peut pas soutenir. L&rsquo;offre n&rsquo;est tout simplement pas suffisante pour r\u00e9pondre \u00e0 la demande. Ce sc\u00e9nario alimente souvent l&rsquo;inflation, car la raret\u00e9 de l&rsquo;offre peut faire grimper les prix.<\/p>\n\n\n\n<p>Par cons\u00e9quent, les banques centrales comme la Banque du Canada ou la R\u00e9serve f\u00e9d\u00e9rale am\u00e9ricaine pourraient relever les taux d&rsquo;int\u00e9r\u00eat. On appelle cette mesure un resserrement de la politique mon\u00e9taire. Elle vise \u00e0 ralentir les d\u00e9penses de consommation et \u00e0 \u00e9quilibrer l&rsquo;activit\u00e9 \u00e9conomique.<\/p>\n\n\n\n<p>Il s&rsquo;ensuit d&rsquo;habitude une r\u00e9cession, car le resserrement des conditions entra\u00eene souvent une baisse de la demande de biens et de services. La diminution des d\u00e9penses de consommation affecte les volumes de production des entreprises ainsi que leur volont\u00e9 et leur capacit\u00e9 d&#8217;embauche, ce qui finit par provoquer un ralentissement g\u00e9n\u00e9ral de l&rsquo;activit\u00e9 \u00e9conomique.<\/p>\n\n\n\n<h4 class=\"wp-block-heading\">Toutes les r\u00e9cessions suivent-elles la m\u00eame voie ?<\/h4>\n\n\n\n<p>Non. Les causes d&rsquo;une r\u00e9cession influent habituellement sur sa dur\u00e9e et son ampleur. Par exemple, une r\u00e9cession a eu lieu en 2020, au plus fort de la pand\u00e9mie de COVID-19. Elle a \u00e9t\u00e9 exceptionnellement profonde, en raison de la g\u00e9n\u00e9ralisation des fermetures. Pourtant, elle a pris fin rapidement dans de nombreux pays gr\u00e2ce aux mesures des gouvernements et des banques centrales ainsi qu&rsquo;\u00e0 la r\u00e9ouverture rapide des \u00e9conomies.<\/p>\n\n\n\n<p>La r\u00e9cession qui a suivi la crise financi\u00e8re de 2008 \u00e9tait diff\u00e9rente. Elle a \u00e9t\u00e9 caus\u00e9e par l&rsquo;exc\u00e8s d&#8217;emprunt conjugu\u00e9 \u00e0 l&rsquo;augmentation des taux d&rsquo;int\u00e9r\u00eat. Ces conditions ont exacerb\u00e9 d&rsquo;autres difficult\u00e9s sur le march\u00e9 du logement, puisque les m\u00e9nages n&rsquo;\u00e9taient plus capables de rembourser leur pr\u00eat hypoth\u00e9caire. La crise du cr\u00e9dit qui en a r\u00e9sult\u00e9 s&rsquo;est propag\u00e9e \u00e0 l&rsquo;\u00e9chelle mondiale et a mis des ann\u00e9es \u00e0 se r\u00e9sorber. Comparativement aux r\u00e9cessions typiques, la crise financi\u00e8re de 2008 \u00e9tait \u00e0 la fois exceptionnellement profonde et longue.<\/p>\n\n\n\n<p>Quel que soit l&rsquo;avenir de l&rsquo;\u00e9conomie, nous savons que les cycles \u00e9conomiques ne cesseront de se succ\u00e9der. Il en va de m\u00eame pour les r\u00e9cessions. Elles repr\u00e9sentent un \u00e9l\u00e9ment g\u00eanant du cycle \u00e9conomique.<\/p>\n\n\n\n<h4 class=\"wp-block-heading\">Quel est l&rsquo;impact des r\u00e9cessions sur les investisseurs ?<\/h4>\n\n\n\n<p>Les r\u00e9cessions et les march\u00e9s baissiers vont habituellement de pair. Les investisseurs souffrent souvent \u00e0 court terme, mais les r\u00e9cessions ne les perturbent g\u00e9n\u00e9ralement pas \u00e0 long terme. Comme le montre le graphique ci-dessous, les march\u00e9s progressent toujours \u00e0 la longue.<\/p>\n\n\n\n<h4 class=\"wp-block-heading\">R\u00e9cessions aux \u00c9tats-Unis et march\u00e9s baissiers vont de pair<\/h4>\n\n\n\n<figure class=\"wp-block-image is-resized\"><img decoding=\"async\" src=\"https:\/\/www.rbcroyalbank.com\/fr-ca\/wp-content\/uploads\/sites\/13\/2023\/09\/019GAM007__2801-2023_29_Recessions_SP500_fr_V1__281_29.png\" alt=\"R\u00e9cessions aux \u00c9tats-Unis et march\u00e9s baissiers vont de pair\" class=\"wp-image-18394\" style=\"aspect-ratio:2.575268817204301;width:598px;height:auto\" \/><\/figure>\n\n\n\n<p class=\"mar-t\">Sources : RBC GMA et Bloomberg. Pour la p\u00e9riode du 1er janvier 1957 au 15 d\u00e9cembre 2022. Donn\u00e9es pr\u00e9sent\u00e9es selon une \u00e9chelle logarithmique. Ce graphique ne tient compte ni des frais d&rsquo;exploitation ni des frais de gestion des placements ni des taxes et imp\u00f4ts. Si ces co\u00fbts et ces frais \u00e9taient pris en compte, les rendements seraient plus bas. Il est impossible d&rsquo;investir directement dans un indice.<\/p>\n\n\n\n<div class=\"wp-block-rbc-rbc-default-collapsible\"><p><button class=\"collapse-toggle collapsed\" data-target=\"#collapse942faa40\" data-toggle=\"collapse\" aria-expanded=\"false\" aria-controls=\"collapse942faa40\" data-dig-id=\"LP-32776-942faa40\" data-dig-category=\"LP\" data-dig-action=\"accordion closed\" action-closed=\"accordion closed\" action-opened=\"accordion open\" data-dig-label=\"Un mot de nos avocats\"><span>Un mot de nos avocats<\/span><span>Un mot de nos avocats<\/span><\/button><\/p><div class=\"collapse-content collapse\" id=\"collapse942faa40\">\n<div class=\"wp-block-rbc-collapsible-inner-block collapse-inner\">\n<p>Le pr\u00e9sent article vise \u00e0 offrir des renseignements g\u00e9n\u00e9raux seulement et n\u2019a pas pour objet de fournir des conseils juridiques ou financiers, ni d\u2019autres conseils professionnels. Veuillez consulter un conseiller professionnel en ce qui concerne votre situation particuli\u00e8re. Les renseignements pr\u00e9sent\u00e9s sont r\u00e9put\u00e9s \u00eatre factuels et \u00e0 jour, mais nous ne garantissons pas leur exactitude et ils ne doivent pas \u00eatre consid\u00e9r\u00e9s comme une analyse exhaustive des sujets abord\u00e9s. Les opinions exprim\u00e9es refl\u00e8tent le jugement des auteurs \u00e0 la date de publication et peuvent changer. La Banque Royale du Canada et ses entit\u00e9s ne font pas la promotion, ni explicitement ni implicitement, des conseils, des avis, des renseignements, des produits ou des services de tiers.<\/p>\n<\/div>\n<\/div><\/div>\n\n\n\t\n\t<div class=\"wp-block-tk-spacer id-96ed3e58-1e12-4f4b-ba94-92c04c3ef1bd\" aria-hidden=\"true\"><\/div>\n\t\n\n\n<p class=\"has-text-align-center h5 mar-b\"><strong>Partager cet article<\/strong><\/p>\n\n\n\n\t\t<div class=\"socials-block\">\n\t\t\t    <div class=\"social-links mob-mar-b-hlf mob-mar-t-hlf\">\n            <a class=\"social-button-wrapper sharing-custom sharing-email\" href=\"mailto:?subject=Qu&rsquo;est-ce qu&rsquo;une r\u00e9cession et sommes-nous dans une telle p\u00e9riode ? &#038;body=Bonjour, je pensais que cet article de RBC Mes finances d\u2019abord pourrait vous int\u00e9resser: https:\/\/www.rbcroyalbank.com\/fr-ca\/mes-finances-dabord\/investisseur-inspire\/academie-des-placements\/quest-ce-quune-recession-et-sommes-nous-dans-une-telle-periode\/\">\n        <img decoding=\"async\" src=\"https:\/\/www.rbcroyalbank.com\/fr-ca\/wp-content\/plugins\/rbc-blocks\/assets\/img\/icons\/icon-email.svg\"\n          alt=\"envelope icon\">\n        <span>\n          Courriel        <\/span>\n      <\/a>\n      <div class=\"social-button-wrapper sharing-copy-wrapper\">\n        <button class=\"sharing-custom sharing-copy\" data-url=\"https:\/\/www.rbcroyalbank.com\/fr-ca\/mes-finances-dabord\/investisseur-inspire\/academie-des-placements\/quest-ce-quune-recession-et-sommes-nous-dans-une-telle-periode\/\">\n          <img decoding=\"async\"\n            src=\"https:\/\/www.rbcroyalbank.com\/fr-ca\/wp-content\/plugins\/rbc-blocks\/assets\/img\/icons\/icon-related.svg\"\n            alt=\"copy icon\">\n          <span id=\"sharing-copyUrl-Label\">\n            Copier l\u2019URL          <\/span>\n        <\/button>\n        <input type=\"text\" class=\"sharing-copy-text\" aria-labelledby=\"sharing-copyUrl-Label\">\n      <\/div>\n    <\/div>\n  \t\t<\/div>\n\n\t\t\n\n\t\n\t<div class=\"wp-block-tk-spacer id-cfb9b640-1d74-46cc-954a-f8e179bae7d5\" aria-hidden=\"true\"><\/div>\n\t\n\n\n\t\t\t<div class=\"wp-block-rbc-single-post-topics related-topics-links\">\n\t\t\t\t<p class=\"h5 mar-r-hlf\">Topics:<\/p>\n\t\t\t\t\t\t\t\t\t<a href=\"https:\/\/www.rbcroyalbank.com\/fr-ca\/mes-finances-dabord\/sujets\/inflation\/\" class=\"btn topic mar-t-0 mar-r-qtr mar-b-hlf\">Inflation<\/a>\n\t\t\t\t\t\t\t<\/div>\n\t\t\t<\/div>\n<\/section>\n\n\n\n<section class=\"wp-block-rbc-section-block  pos-rel mob-pad-t-dbl\" style=\"border-radius:0px\">\n<div class=\"wp-block-rbc-section-inner-block  section-inner\" style=\"border-radius:0x\">\n<h2 class=\"wp-block-heading mar-b mob-mar-b-dbl mar-t-0\" id=\"h-a-lire-ensuite\">\u00c0 lire ensuite<\/h2>\n\n\n\t\t\t<div class=\"related-posts-type-2\">\n\t\t\t\t<div class=\"related-post-list\">\n\t\t\t\t\t<ul class=\"grid-wpr eh-wpr\">\n\t\t\t\t\t\t\t\t\t\t\t\t\t\t\t<li class= 'grid-one-third grid-tb-full grid-mob-full mar-b'>\n\t\t\t\t\t\t\t\t\t\t<article class=\"col-wpr mar-b-0 mar-r-0 mar-l-0\">\n\t\t\t\t\t\t\t\t\t\t\t\t\t\t\t\t\t\t\t\t\t\t\t<div class=\"postcard-img-ctr post-card-image col-md-12 col-xs-6 mob-mar-b-0 pad-l-0\">\n\t\t\t\t\t\t\t\t\t\t\t\t\t<img loading=\"lazy\" decoding=\"async\" width=\"1024\" height=\"584\" src=\"https:\/\/www.rbcroyalbank.com\/fr-ca\/wp-content\/uploads\/sites\/13\/2025\/04\/Investing-and-Saving_1856x1058.jpg?quality=80&amp;w=1024\" class=\"attachment-post-thumbnail size-post-thumbnail wp-post-image\" alt=\"Un couple qui tape sur un ordinateur portable et un t\u00e9l\u00e9phone portable.\" srcset=\"https:\/\/www.rbcroyalbank.com\/fr-ca\/wp-content\/uploads\/sites\/13\/2025\/04\/Investing-and-Saving_1856x1058.jpg 1856w, https:\/\/www.rbcroyalbank.com\/fr-ca\/wp-content\/uploads\/sites\/13\/2025\/04\/Investing-and-Saving_1856x1058.jpg?resize=300,171 300w, https:\/\/www.rbcroyalbank.com\/fr-ca\/wp-content\/uploads\/sites\/13\/2025\/04\/Investing-and-Saving_1856x1058.jpg?resize=768,438 768w, https:\/\/www.rbcroyalbank.com\/fr-ca\/wp-content\/uploads\/sites\/13\/2025\/04\/Investing-and-Saving_1856x1058.jpg?resize=1024,584 1024w, https:\/\/www.rbcroyalbank.com\/fr-ca\/wp-content\/uploads\/sites\/13\/2025\/04\/Investing-and-Saving_1856x1058.jpg?resize=1536,876 1536w\" sizes=\"auto, (max-width: 1024px) 100vw, 1024px\" \/>\t\t\t\t\t\t\t\t\t\t\t\t<\/div>\n\t\t\t\t\t\t\t\t\t\t\t\t\t\t\t\t\t\t\t\t\t\t<div class=\"card-details mob-mar-b-0 mob-mar-t-0 pad-r-0 col-md-12 col-xs-6\">\n\t\t\t\t\t\t\t\t\t\t\t\t\t\t\t\t<a class=\"primary-taxonomy primary-link\" href=\"https:\/\/www.rbcroyalbank.com\/fr-ca\/mes-finances-dabord\/investisseur-inspire\/idees-et-motivation\/\">\n\t\t\t\t\t\tId\u00e9es et motivation\t\t\t\t\t<\/a>\n\t\t\t\t\t\t\t\t\t\t\t\t\t\t\t\t<a href=\"https:\/\/www.rbcroyalbank.com\/fr-ca\/mes-finances-dabord\/investisseur-inspire\/idees-et-motivation\/est-il-temps-dinvestir-ou-depargner\/\" class=\"card-title h4 mar-t-0\">Devrais-je \u00e9pargner ou investir ?<\/a>\n\t\t\t\t\t\t\t\t\t\t\t<\/div>\n\t\t\t\t\t\t\t\t\t\t<\/article>\n\t\t\t\t\t\t\t\t\t<\/li>\n\t\t\t\t\t\t\t\t\t\t\t\t\t\t\t\t<li class= 'grid-one-third grid-tb-full grid-mob-full mar-b'>\n\t\t\t\t\t\t\t\t\t\t<article class=\"col-wpr mar-b-0 mar-r-0 mar-l-0\">\n\t\t\t\t\t\t\t\t\t\t\t\t\t\t\t\t\t\t\t\t\t\t\t<div class=\"postcard-img-ctr post-card-image col-md-12 col-xs-6 mob-mar-b-0 pad-l-0\">\n\t\t\t\t\t\t\t\t\t\t\t\t\t<img loading=\"lazy\" decoding=\"async\" width=\"930\" height=\"620\" src=\"https:\/\/www.rbcroyalbank.com\/fr-ca\/wp-content\/uploads\/sites\/13\/2023\/09\/TDD-2.jpg?quality=80&amp;w=930\" class=\"attachment-post-thumbnail size-post-thumbnail wp-post-image\" alt=\"Jeune homme utilisant un ordinateur portable \u00e0 un bureau et regardant un calendrier.\" srcset=\"https:\/\/www.rbcroyalbank.com\/fr-ca\/wp-content\/uploads\/sites\/13\/2023\/09\/TDD-2.jpg 930w, https:\/\/www.rbcroyalbank.com\/fr-ca\/wp-content\/uploads\/sites\/13\/2023\/09\/TDD-2.jpg?resize=300,200 300w, https:\/\/www.rbcroyalbank.com\/fr-ca\/wp-content\/uploads\/sites\/13\/2023\/09\/TDD-2.jpg?resize=768,512 768w\" sizes=\"auto, (max-width: 930px) 100vw, 930px\" \/>\t\t\t\t\t\t\t\t\t\t\t\t<\/div>\n\t\t\t\t\t\t\t\t\t\t\t\t\t\t\t\t\t\t\t\t\t\t<div class=\"card-details mob-mar-b-0 mob-mar-t-0 pad-r-0 col-md-12 col-xs-6\">\n\t\t\t\t\t\t\t\t\t\t\t\t\t\t\t\t<a class=\"primary-taxonomy primary-link\" href=\"https:\/\/www.rbcroyalbank.com\/fr-ca\/mes-finances-dabord\/investisseur-inspire\/academie-des-placements\/\">\n\t\t\t\t\t\tAcad\u00e9mie des placements\t\t\t\t\t<\/a>\n\t\t\t\t\t\t\t\t\t\t\t\t\t\t\t\t<a href=\"https:\/\/www.rbcroyalbank.com\/fr-ca\/mes-finances-dabord\/investisseur-inspire\/academie-des-placements\/planification-reer-de-derniere-minute-date-limite-plafonds-et-plus\/\" class=\"card-title h4 mar-t-0\">Guide des plafonds et des d\u00e9lais de cotisation \u00e0 un REER<\/a>\n\t\t\t\t\t\t\t\t\t\t\t<\/div>\n\t\t\t\t\t\t\t\t\t\t<\/article>\n\t\t\t\t\t\t\t\t\t<\/li>\n\t\t\t\t\t\t\t\t\t\t\t\t\t\t\t\t<li class= 'grid-one-third grid-tb-full grid-mob-full mar-b'>\n\t\t\t\t\t\t\t\t\t\t<article class=\"col-wpr mar-b-0 mar-r-0 mar-l-0\">\n\t\t\t\t\t\t\t\t\t\t\t\t\t\t\t\t\t\t\t\t\t\t\t<div class=\"postcard-img-ctr post-card-image col-md-12 col-xs-6 mob-mar-b-0 pad-l-0\">\n\t\t\t\t\t\t\t\t\t\t\t\t\t<img loading=\"lazy\" decoding=\"async\" width=\"1024\" height=\"683\" src=\"https:\/\/www.rbcroyalbank.com\/fr-ca\/wp-content\/uploads\/sites\/13\/2025\/01\/How-TFSA-work-shutterstock_2382160079.jpg?quality=80&amp;w=1024\" class=\"attachment-post-thumbnail size-post-thumbnail wp-post-image\" alt=\"Une jeune femme plong\u00e9e dans ses pens\u00e9es\" srcset=\"https:\/\/www.rbcroyalbank.com\/fr-ca\/wp-content\/uploads\/sites\/13\/2025\/01\/How-TFSA-work-shutterstock_2382160079.jpg 8640w, https:\/\/www.rbcroyalbank.com\/fr-ca\/wp-content\/uploads\/sites\/13\/2025\/01\/How-TFSA-work-shutterstock_2382160079.jpg?resize=300,200 300w, https:\/\/www.rbcroyalbank.com\/fr-ca\/wp-content\/uploads\/sites\/13\/2025\/01\/How-TFSA-work-shutterstock_2382160079.jpg?resize=768,512 768w, https:\/\/www.rbcroyalbank.com\/fr-ca\/wp-content\/uploads\/sites\/13\/2025\/01\/How-TFSA-work-shutterstock_2382160079.jpg?resize=1024,683 1024w, https:\/\/www.rbcroyalbank.com\/fr-ca\/wp-content\/uploads\/sites\/13\/2025\/01\/How-TFSA-work-shutterstock_2382160079.jpg?resize=1536,1024 1536w, https:\/\/www.rbcroyalbank.com\/fr-ca\/wp-content\/uploads\/sites\/13\/2025\/01\/How-TFSA-work-shutterstock_2382160079.jpg?resize=2048,1365 2048w\" sizes=\"auto, (max-width: 1024px) 100vw, 1024px\" \/>\t\t\t\t\t\t\t\t\t\t\t\t<\/div>\n\t\t\t\t\t\t\t\t\t\t\t\t\t\t\t\t\t\t\t\t\t\t<div class=\"card-details mob-mar-b-0 mob-mar-t-0 pad-r-0 col-md-12 col-xs-6\">\n\t\t\t\t\t\t\t\t\t\t\t\t\t\t\t\t<a class=\"primary-taxonomy primary-link\" href=\"https:\/\/www.rbcroyalbank.com\/fr-ca\/mes-finances-dabord\/academie-financiere\/connaissances-financieres-de-base\/types-de-comptes\/\">\n\t\t\t\t\t\tTypes de comptes\t\t\t\t\t<\/a>\n\t\t\t\t\t\t\t\t\t\t\t\t\t\t\t\t<a href=\"https:\/\/www.rbcroyalbank.com\/fr-ca\/mes-finances-dabord\/academie-financiere\/connaissances-financieres-de-base\/types-de-comptes\/compte-depargne-libre-dimpot\/\" class=\"card-title h4 mar-t-0\">Qu\u2019est-ce qu\u2019un CELI et comment fonctionne-t-il ?<\/a>\n\t\t\t\t\t\t\t\t\t\t\t<\/div>\n\t\t\t\t\t\t\t\t\t\t<\/article>\n\t\t\t\t\t\t\t\t\t<\/li>\n\t\t\t\t\t\t\t\t\t\t\t\t<\/ul>\n\t\t\t\t<\/div>\n\t\t\t<\/div>\n\t\t<\/div>\n<\/section>\n<style class=\"advgb-styles-renderer\">.text-darkblue{color:#003168;}\n\t\t.wp-block-tk-spacer.id-96ed3e58-1e12-4f4b-ba94-92c04c3ef1bd {\n\t\theight: 96px;\n\t}\n\n\t@media ( max-width: 480px ) {\n\t\t.wp-block-tk-spacer.id-96ed3e58-1e12-4f4b-ba94-92c04c3ef1bd {\n\t\t\theight: 30px;\n\t\t}\n\t}\t\n\t\t.wp-block-tk-spacer.id-cfb9b640-1d74-46cc-954a-f8e179bae7d5 {\n\t\theight: 60px;\n\t}\n\n\t@media ( max-width: 480px ) {\n\t\t.wp-block-tk-spacer.id-cfb9b640-1d74-46cc-954a-f8e179bae7d5 {\n\t\t\theight: 30px;\n\t\t}\n\t}\t<\/style>","protected":false},"excerpt":{"rendered":"<p>D\u00e9couvrez ce que sont vraiment les r\u00e9cessions et quelles sont leurs r\u00e9percussions sur les investisseurs.<\/p>\n","protected":false},"author":10,"featured_media":10861,"parent":7089,"menu_order":0,"template":"","meta":{"_acf_changed":false,"advgb_blocks_editor_width":"","advgb_blocks_columns_visual_guide":"","footnotes":""},"tags":[212],"rbc_content_type":[121],"rbc_audience":[],"rbc_lob_group":[140],"rbc_difficulty_level":[123],"rbc_mmm_category":[265,169],"class_list":["post-6963","rbc_my_money_matter","type-rbc_my_money_matter","status-publish","has-post-thumbnail","hentry","tag-inflation","rbc_content_type-article","rbc_lob_group-placements","rbc_difficulty_level-beginner","rbc_mmm_category-academie-des-placements","rbc_mmm_category-investisseur-inspire"],"acf":{"contently_publication_id":"347224","custom_author":"RBC Gestion mondiale d'actifs","rbc_video_header":"","rbc_media_duration":"","rbc_video_keywords":"","rbc_video_description":"","rbc_video_upload_date":"","rbc_toc_for_mmm_tag":"h2","rbc_toc_for_mmm_limit":6,"rbc_toc_for_mmm":null,"rbc_toc_for_mmm_action":""},"yoast_head":"<!-- This site is optimized with the Yoast SEO Premium plugin v27.2 (Yoast SEO v27.2) - https:\/\/yoast.com\/product\/yoast-seo-premium-wordpress\/ -->\n<meta name=\"description\" content=\"D\u00e9couvrez ce que sont vraiment les r\u00e9cessions et quelles sont leurs r\u00e9percussions sur les investisseurs.\" \/>\n<meta name=\"robots\" content=\"index, follow, max-snippet:-1, max-image-preview:large, max-video-preview:-1\" \/>\n<link rel=\"canonical\" href=\"https:\/\/www.rbcroyalbank.com\/fr-ca\/mes-finances-dabord\/investisseur-inspire\/academie-des-placements\/quest-ce-quune-recession-et-sommes-nous-dans-une-telle-periode\/\" \/>\n<meta property=\"og:locale\" content=\"fr_FR\" \/>\n<meta property=\"og:type\" content=\"article\" \/>\n<meta property=\"og:description\" content=\"D\u00e9couvrez ce que sont vraiment les r\u00e9cessions et quelles sont leurs r\u00e9percussions sur les investisseurs.\" \/>\n<meta property=\"og:url\" content=\"https:\/\/www.rbcroyalbank.com\/fr-ca\/mes-finances-dabord\/investisseur-inspire\/academie-des-placements\/quest-ce-quune-recession-et-sommes-nous-dans-une-telle-periode\/\" \/>\n<meta property=\"og:site_name\" content=\"RBC Banque Royale\" \/>\n<meta property=\"article:modified_time\" content=\"2024-02-14T13:50:51+00:00\" \/>\n<meta property=\"og:image\" content=\"https:\/\/www.rbcroyalbank.com\/fr-ca\/wp-content\/uploads\/sites\/13\/2023\/09\/TDD.jpg?quality=80\" \/>\n\t<meta property=\"og:image:width\" content=\"930\" \/>\n\t<meta property=\"og:image:height\" content=\"620\" \/>\n\t<meta property=\"og:image:type\" content=\"image\/jpeg\" \/>\n<meta name=\"twitter:card\" content=\"summary_large_image\" \/>\n<meta name=\"twitter:label1\" content=\"Est. reading time\" \/>\n\t<meta name=\"twitter:data1\" content=\"8 minutes\" \/>\n<script type=\"application\/ld+json\" class=\"yoast-schema-graph\">{\"@context\":\"https:\/\/schema.org\",\"@graph\":[{\"@type\":\"WebPage\",\"@id\":\"https:\/\/www.rbcroyalbank.com\/fr-ca\/mes-finances-dabord\/investisseur-inspire\/academie-des-placements\/quest-ce-quune-recession-et-sommes-nous-dans-une-telle-periode\/\",\"url\":\"https:\/\/www.rbcroyalbank.com\/fr-ca\/mes-finances-dabord\/investisseur-inspire\/academie-des-placements\/quest-ce-quune-recession-et-sommes-nous-dans-une-telle-periode\/\",\"name\":\"Qu'est-ce qu'une r\u00e9cession et sommes-nous dans une telle p\u00e9riode ? - Mes finances d\u2019abord\",\"isPartOf\":{\"@id\":\"https:\/\/www.rbcroyalbank.com\/fr-ca\/#website\"},\"primaryImageOfPage\":{\"@id\":\"https:\/\/www.rbcroyalbank.com\/fr-ca\/mes-finances-dabord\/investisseur-inspire\/academie-des-placements\/quest-ce-quune-recession-et-sommes-nous-dans-une-telle-periode\/#primaryimage\"},\"image\":{\"@id\":\"https:\/\/www.rbcroyalbank.com\/fr-ca\/mes-finances-dabord\/investisseur-inspire\/academie-des-placements\/quest-ce-quune-recession-et-sommes-nous-dans-une-telle-periode\/#primaryimage\"},\"thumbnailUrl\":\"https:\/\/www.rbcroyalbank.com\/fr-ca\/wp-content\/uploads\/sites\/13\/2023\/09\/TDD.jpg?quality=80\",\"datePublished\":\"2023-02-01T00:00:00+00:00\",\"dateModified\":\"2024-02-14T13:50:51+00:00\",\"description\":\"D\u00e9couvrez ce que sont vraiment les r\u00e9cessions et quelles sont leurs r\u00e9percussions sur les investisseurs.\",\"breadcrumb\":{\"@id\":\"https:\/\/www.rbcroyalbank.com\/fr-ca\/mes-finances-dabord\/investisseur-inspire\/academie-des-placements\/quest-ce-quune-recession-et-sommes-nous-dans-une-telle-periode\/#breadcrumb\"},\"inLanguage\":\"fr-FR\",\"potentialAction\":[{\"@type\":\"ReadAction\",\"target\":[\"https:\/\/www.rbcroyalbank.com\/fr-ca\/mes-finances-dabord\/investisseur-inspire\/academie-des-placements\/quest-ce-quune-recession-et-sommes-nous-dans-une-telle-periode\/\"]}]},{\"@type\":\"ImageObject\",\"inLanguage\":\"fr-FR\",\"@id\":\"https:\/\/www.rbcroyalbank.com\/fr-ca\/mes-finances-dabord\/investisseur-inspire\/academie-des-placements\/quest-ce-quune-recession-et-sommes-nous-dans-une-telle-periode\/#primaryimage\",\"url\":\"https:\/\/www.rbcroyalbank.com\/fr-ca\/wp-content\/uploads\/sites\/13\/2023\/09\/TDD.jpg?quality=80\",\"contentUrl\":\"https:\/\/www.rbcroyalbank.com\/fr-ca\/wp-content\/uploads\/sites\/13\/2023\/09\/TDD.jpg?quality=80\",\"width\":930,\"height\":620,\"caption\":\"Une femme portant un blazer tient une chope \u00e0 caf\u00e9 et lit les informations sur une tablette sous laquelle un journal est d\u00e9pos\u00e9 sur un bureau en bois.\"},{\"@type\":\"BreadcrumbList\",\"@id\":\"https:\/\/www.rbcroyalbank.com\/fr-ca\/mes-finances-dabord\/investisseur-inspire\/academie-des-placements\/quest-ce-quune-recession-et-sommes-nous-dans-une-telle-periode\/#breadcrumb\",\"itemListElement\":[{\"@type\":\"ListItem\",\"position\":1,\"name\":\"Mes finances d\u2019abord\",\"item\":\"https:\/\/www.rbcroyalbank.com\/fr-ca\/mes-finances-dabord\/\"},{\"@type\":\"ListItem\",\"position\":2,\"name\":\"Investisseur inspir\u00e9\",\"item\":\"https:\/\/www.rbcroyalbank.com\/fr-ca\/mes-finances-dabord\/investisseur-inspire\/\"},{\"@type\":\"ListItem\",\"position\":3,\"name\":\"Acad\u00e9mie des placements\",\"item\":\"https:\/\/www.rbcroyalbank.com\/fr-ca\/mes-finances-dabord\/investisseur-inspire\/academie-des-placements\/\"},{\"@type\":\"ListItem\",\"position\":4,\"name\":\"Qu&#8217;est-ce qu&#8217;une r\u00e9cession et sommes-nous dans une telle p\u00e9riode ?\"}]},{\"@type\":\"WebSite\",\"@id\":\"https:\/\/www.rbcroyalbank.com\/fr-ca\/#website\",\"url\":\"https:\/\/www.rbcroyalbank.com\/fr-ca\/\",\"name\":\"RBC Banque Royale\",\"description\":\"\",\"potentialAction\":[{\"@type\":\"SearchAction\",\"target\":{\"@type\":\"EntryPoint\",\"urlTemplate\":\"https:\/\/www.rbcroyalbank.com\/fr-ca\/?s={search_term_string}\"},\"query-input\":{\"@type\":\"PropertyValueSpecification\",\"valueRequired\":true,\"valueName\":\"search_term_string\"}}],\"inLanguage\":\"fr-FR\"}]}<\/script>\n<!-- \/ Yoast SEO Premium plugin. -->","yoast_head_json":{"description":"D\u00e9couvrez ce que sont vraiment les r\u00e9cessions et quelles sont leurs r\u00e9percussions sur les investisseurs.","robots":{"index":"index","follow":"follow","max-snippet":"max-snippet:-1","max-image-preview":"max-image-preview:large","max-video-preview":"max-video-preview:-1"},"canonical":"https:\/\/www.rbcroyalbank.com\/fr-ca\/mes-finances-dabord\/investisseur-inspire\/academie-des-placements\/quest-ce-quune-recession-et-sommes-nous-dans-une-telle-periode\/","og_locale":"fr_FR","og_type":"article","og_description":"D\u00e9couvrez ce que sont vraiment les r\u00e9cessions et quelles sont leurs r\u00e9percussions sur les investisseurs.","og_url":"https:\/\/www.rbcroyalbank.com\/fr-ca\/mes-finances-dabord\/investisseur-inspire\/academie-des-placements\/quest-ce-quune-recession-et-sommes-nous-dans-une-telle-periode\/","og_site_name":"RBC Banque Royale","article_modified_time":"2024-02-14T13:50:51+00:00","og_image":[{"width":930,"height":620,"url":"https:\/\/www.rbcroyalbank.com\/fr-ca\/wp-content\/uploads\/sites\/13\/2023\/09\/TDD.jpg?quality=80","type":"image\/jpeg"}],"twitter_card":"summary_large_image","twitter_misc":{"Est. reading time":"8 minutes"},"schema":{"@context":"https:\/\/schema.org","@graph":[{"@type":"WebPage","@id":"https:\/\/www.rbcroyalbank.com\/fr-ca\/mes-finances-dabord\/investisseur-inspire\/academie-des-placements\/quest-ce-quune-recession-et-sommes-nous-dans-une-telle-periode\/","url":"https:\/\/www.rbcroyalbank.com\/fr-ca\/mes-finances-dabord\/investisseur-inspire\/academie-des-placements\/quest-ce-quune-recession-et-sommes-nous-dans-une-telle-periode\/","name":"Qu'est-ce qu'une r\u00e9cession et sommes-nous dans une telle p\u00e9riode ? - Mes finances d\u2019abord","isPartOf":{"@id":"https:\/\/www.rbcroyalbank.com\/fr-ca\/#website"},"primaryImageOfPage":{"@id":"https:\/\/www.rbcroyalbank.com\/fr-ca\/mes-finances-dabord\/investisseur-inspire\/academie-des-placements\/quest-ce-quune-recession-et-sommes-nous-dans-une-telle-periode\/#primaryimage"},"image":{"@id":"https:\/\/www.rbcroyalbank.com\/fr-ca\/mes-finances-dabord\/investisseur-inspire\/academie-des-placements\/quest-ce-quune-recession-et-sommes-nous-dans-une-telle-periode\/#primaryimage"},"thumbnailUrl":"https:\/\/www.rbcroyalbank.com\/fr-ca\/wp-content\/uploads\/sites\/13\/2023\/09\/TDD.jpg?quality=80","datePublished":"2023-02-01T00:00:00+00:00","dateModified":"2024-02-14T13:50:51+00:00","description":"D\u00e9couvrez ce que sont vraiment les r\u00e9cessions et quelles sont leurs r\u00e9percussions sur les investisseurs.","breadcrumb":{"@id":"https:\/\/www.rbcroyalbank.com\/fr-ca\/mes-finances-dabord\/investisseur-inspire\/academie-des-placements\/quest-ce-quune-recession-et-sommes-nous-dans-une-telle-periode\/#breadcrumb"},"inLanguage":"fr-FR","potentialAction":[{"@type":"ReadAction","target":["https:\/\/www.rbcroyalbank.com\/fr-ca\/mes-finances-dabord\/investisseur-inspire\/academie-des-placements\/quest-ce-quune-recession-et-sommes-nous-dans-une-telle-periode\/"]}]},{"@type":"ImageObject","inLanguage":"fr-FR","@id":"https:\/\/www.rbcroyalbank.com\/fr-ca\/mes-finances-dabord\/investisseur-inspire\/academie-des-placements\/quest-ce-quune-recession-et-sommes-nous-dans-une-telle-periode\/#primaryimage","url":"https:\/\/www.rbcroyalbank.com\/fr-ca\/wp-content\/uploads\/sites\/13\/2023\/09\/TDD.jpg?quality=80","contentUrl":"https:\/\/www.rbcroyalbank.com\/fr-ca\/wp-content\/uploads\/sites\/13\/2023\/09\/TDD.jpg?quality=80","width":930,"height":620,"caption":"Une femme portant un blazer tient une chope \u00e0 caf\u00e9 et lit les informations sur une tablette sous laquelle un journal est d\u00e9pos\u00e9 sur un bureau en bois."},{"@type":"BreadcrumbList","@id":"https:\/\/www.rbcroyalbank.com\/fr-ca\/mes-finances-dabord\/investisseur-inspire\/academie-des-placements\/quest-ce-quune-recession-et-sommes-nous-dans-une-telle-periode\/#breadcrumb","itemListElement":[{"@type":"ListItem","position":1,"name":"Mes finances d\u2019abord","item":"https:\/\/www.rbcroyalbank.com\/fr-ca\/mes-finances-dabord\/"},{"@type":"ListItem","position":2,"name":"Investisseur inspir\u00e9","item":"https:\/\/www.rbcroyalbank.com\/fr-ca\/mes-finances-dabord\/investisseur-inspire\/"},{"@type":"ListItem","position":3,"name":"Acad\u00e9mie des placements","item":"https:\/\/www.rbcroyalbank.com\/fr-ca\/mes-finances-dabord\/investisseur-inspire\/academie-des-placements\/"},{"@type":"ListItem","position":4,"name":"Qu&#8217;est-ce qu&#8217;une r\u00e9cession et sommes-nous dans une telle p\u00e9riode ?"}]},{"@type":"WebSite","@id":"https:\/\/www.rbcroyalbank.com\/fr-ca\/#website","url":"https:\/\/www.rbcroyalbank.com\/fr-ca\/","name":"RBC Banque Royale","description":"","potentialAction":[{"@type":"SearchAction","target":{"@type":"EntryPoint","urlTemplate":"https:\/\/www.rbcroyalbank.com\/fr-ca\/?s={search_term_string}"},"query-input":{"@type":"PropertyValueSpecification","valueRequired":true,"valueName":"search_term_string"}}],"inLanguage":"fr-FR"}]}},"parsely":{"version":"1.1.0","canonical_url":"https:\/\/rbcroyalbank.com\/fr-ca\/mes-finances-dabord\/investisseur-inspire\/academie-des-placements\/quest-ce-quune-recession-et-sommes-nous-dans-une-telle-periode\/","smart_links":{"inbound":0,"outbound":0},"traffic_boost_suggestions_count":0,"meta":{"@context":"https:\/\/schema.org","@type":"NewsArticle","headline":"Qu&rsquo;est-ce qu&rsquo;une r\u00e9cession et sommes-nous dans une telle p\u00e9riode ?","url":"http:\/\/www.rbcroyalbank.com\/fr-ca\/mes-finances-dabord\/investisseur-inspire\/academie-des-placements\/quest-ce-quune-recession-et-sommes-nous-dans-une-telle-periode\/","mainEntityOfPage":{"@type":"WebPage","@id":"http:\/\/www.rbcroyalbank.com\/fr-ca\/mes-finances-dabord\/investisseur-inspire\/academie-des-placements\/quest-ce-quune-recession-et-sommes-nous-dans-une-telle-periode\/"},"thumbnailUrl":"https:\/\/www.rbcroyalbank.com\/fr-ca\/wp-content\/uploads\/sites\/13\/2023\/09\/TDD.jpg?quality=80&w=150&h=150&crop=1","image":{"@type":"ImageObject","url":"https:\/\/www.rbcroyalbank.com\/fr-ca\/wp-content\/uploads\/sites\/13\/2023\/09\/TDD.jpg?quality=80"},"articleSection":"Uncategorized","author":[{"@type":"Person","name":"RBC"}],"creator":["RBC"],"publisher":{"@type":"Organization","name":"RBC Banque Royale","logo":""},"keywords":["inflation"],"dateCreated":"2023-02-01T00:00:00Z","datePublished":"2023-02-01T00:00:00Z","dateModified":"2024-02-14T13:50:51Z"},"rendered":"<script type=\"application\/ld+json\" class=\"wp-parsely-metadata\">{\"@context\":\"https:\\\/\\\/schema.org\",\"@type\":\"NewsArticle\",\"headline\":\"Qu&rsquo;est-ce qu&rsquo;une r\\u00e9cession et sommes-nous dans une telle p\\u00e9riode ?\",\"url\":\"http:\\\/\\\/www.rbcroyalbank.com\\\/fr-ca\\\/mes-finances-dabord\\\/investisseur-inspire\\\/academie-des-placements\\\/quest-ce-quune-recession-et-sommes-nous-dans-une-telle-periode\\\/\",\"mainEntityOfPage\":{\"@type\":\"WebPage\",\"@id\":\"http:\\\/\\\/www.rbcroyalbank.com\\\/fr-ca\\\/mes-finances-dabord\\\/investisseur-inspire\\\/academie-des-placements\\\/quest-ce-quune-recession-et-sommes-nous-dans-une-telle-periode\\\/\"},\"thumbnailUrl\":\"https:\\\/\\\/www.rbcroyalbank.com\\\/fr-ca\\\/wp-content\\\/uploads\\\/sites\\\/13\\\/2023\\\/09\\\/TDD.jpg?quality=80&w=150&h=150&crop=1\",\"image\":{\"@type\":\"ImageObject\",\"url\":\"https:\\\/\\\/www.rbcroyalbank.com\\\/fr-ca\\\/wp-content\\\/uploads\\\/sites\\\/13\\\/2023\\\/09\\\/TDD.jpg?quality=80\"},\"articleSection\":\"Uncategorized\",\"author\":[{\"@type\":\"Person\",\"name\":\"RBC\"}],\"creator\":[\"RBC\"],\"publisher\":{\"@type\":\"Organization\",\"name\":\"RBC Banque Royale\",\"logo\":\"\"},\"keywords\":[\"inflation\"],\"dateCreated\":\"2023-02-01T00:00:00Z\",\"datePublished\":\"2023-02-01T00:00:00Z\",\"dateModified\":\"2024-02-14T13:50:51Z\"}<\/script>","tracker_url":"https:\/\/cdn.parsely.com\/keys\/rbcroyalbank.com\/p.js"},"featured_img":"https:\/\/www.rbcroyalbank.com\/fr-ca\/wp-content\/uploads\/sites\/13\/2023\/09\/TDD.jpg?quality=80&w=930","coauthors":[],"author_meta":{"author_link":"https:\/\/www.rbcroyalbank.com\/fr-ca\/author\/fclaussen\/","display_name":"RBC"},"relative_dates":{"created":"Publi\u00e9 3 ans il y a","modified":"Mis \u00e0 jour 2 ans il y a"},"absolute_dates":{"created":"Publi\u00e9 le 1 f\u00e9vrier 2023","modified":"Mise \u00e0 jour le 14 f\u00e9vrier 2024"},"absolute_dates_time":{"created":"Publi\u00e9 le 1 f\u00e9vrier 2023 12:00  ","modified":"Mise \u00e0 jour le 14 f\u00e9vrier 2024 1:50  "},"featured_img_caption":"","tax_additional":{"post_tag":{"linked":["<a href=\"https:\/\/www.rbcroyalbank.com\/fr-ca\/mes-finances-dabord\/sujets\/inflation\/\" class=\"advgb-post-tax-term\">Inflation<\/a>"],"unlinked":["<span class=\"advgb-post-tax-term\">Inflation<\/span>"],"slug":"post_tag","name":"\u00c9tiquettes"},"rbc_content_type":{"linked":["<a href=\"https:\/\/www.rbcroyalbank.com\/fr-ca\/content-type\/article\/\" class=\"advgb-post-tax-term\">Article<\/a>"],"unlinked":["<span class=\"advgb-post-tax-term\">Article<\/span>"],"slug":"rbc_content_type","name":"Content Types"},"rbc_audience":{"linked":[],"unlinked":[],"slug":"rbc_audience","name":"Audiences"},"rbc_lob_group":{"linked":["<a href=\"https:\/\/www.rbcroyalbank.com\/fr-ca\/lob-group\/placements\/\" class=\"advgb-post-tax-term\">Placements<\/a>"],"unlinked":["<span class=\"advgb-post-tax-term\">Placements<\/span>"],"slug":"rbc_lob_group","name":"LOB Groups"},"rbc_difficulty_level":{"linked":["<a href=\"https:\/\/www.rbcroyalbank.com\/fr-ca\/difficulty-level\/beginner\/\" class=\"advgb-post-tax-term\">Beginner<\/a>"],"unlinked":["<span class=\"advgb-post-tax-term\">Beginner<\/span>"],"slug":"rbc_difficulty_level","name":"Difficulty Levels"},"rbc_mmm_category":{"linked":["<a href=\"https:\/\/www.rbcroyalbank.com\/fr-ca\/mmm-category\/academie-des-placements\/\" class=\"advgb-post-tax-term\">Acad\u00e9mie des placements<\/a>","<a href=\"https:\/\/www.rbcroyalbank.com\/fr-ca\/mmm-category\/investisseur-inspire\/\" class=\"advgb-post-tax-term\">Investisseur inspir\u00e9<\/a>"],"unlinked":["<span class=\"advgb-post-tax-term\">Acad\u00e9mie des placements<\/span>","<span class=\"advgb-post-tax-term\">Investisseur inspir\u00e9<\/span>"],"slug":"rbc_mmm_category","name":"Categories"},"ep_custom_result":{"linked":[],"unlinked":[],"slug":"ep_custom_result","name":"Custom Results"}},"series_order":"","jetpack_sharing_enabled":true,"primary_tag":"212","primary_rbc_mmm_category":"169","_links":{"self":[{"href":"https:\/\/www.rbcroyalbank.com\/fr-ca\/wp-json\/wp\/v2\/rbc_my_money_matter\/6963","targetHints":{"allow":["GET"]}}],"collection":[{"href":"https:\/\/www.rbcroyalbank.com\/fr-ca\/wp-json\/wp\/v2\/rbc_my_money_matter"}],"about":[{"href":"https:\/\/www.rbcroyalbank.com\/fr-ca\/wp-json\/wp\/v2\/types\/rbc_my_money_matter"}],"author":[{"embeddable":true,"href":"https:\/\/www.rbcroyalbank.com\/fr-ca\/wp-json\/wp\/v2\/users\/10"}],"version-history":[{"count":4,"href":"https:\/\/www.rbcroyalbank.com\/fr-ca\/wp-json\/wp\/v2\/rbc_my_money_matter\/6963\/revisions"}],"predecessor-version":[{"id":27170,"href":"https:\/\/www.rbcroyalbank.com\/fr-ca\/wp-json\/wp\/v2\/rbc_my_money_matter\/6963\/revisions\/27170"}],"up":[{"embeddable":true,"href":"https:\/\/www.rbcroyalbank.com\/fr-ca\/wp-json\/wp\/v2\/rbc_my_money_matter\/7089"}],"wp:featuredmedia":[{"embeddable":true,"href":"https:\/\/www.rbcroyalbank.com\/fr-ca\/wp-json\/wp\/v2\/media\/10861"}],"wp:attachment":[{"href":"https:\/\/www.rbcroyalbank.com\/fr-ca\/wp-json\/wp\/v2\/media?parent=6963"}],"wp:term":[{"taxonomy":"post_tag","embeddable":true,"href":"https:\/\/www.rbcroyalbank.com\/fr-ca\/wp-json\/wp\/v2\/tags?post=6963"},{"taxonomy":"rbc_content_type","embeddable":true,"href":"https:\/\/www.rbcroyalbank.com\/fr-ca\/wp-json\/wp\/v2\/rbc_content_type?post=6963"},{"taxonomy":"rbc_audience","embeddable":true,"href":"https:\/\/www.rbcroyalbank.com\/fr-ca\/wp-json\/wp\/v2\/rbc_audience?post=6963"},{"taxonomy":"rbc_lob_group","embeddable":true,"href":"https:\/\/www.rbcroyalbank.com\/fr-ca\/wp-json\/wp\/v2\/rbc_lob_group?post=6963"},{"taxonomy":"rbc_difficulty_level","embeddable":true,"href":"https:\/\/www.rbcroyalbank.com\/fr-ca\/wp-json\/wp\/v2\/rbc_difficulty_level?post=6963"},{"taxonomy":"rbc_mmm_category","embeddable":true,"href":"https:\/\/www.rbcroyalbank.com\/fr-ca\/wp-json\/wp\/v2\/rbc_mmm_category?post=6963"}],"curies":[{"name":"wp","href":"https:\/\/api.w.org\/{rel}","templated":true}]}}